{"id":689759,"date":"2025-08-27T13:48:17","date_gmt":"2025-08-27T10:48:17","guid":{"rendered":"https:\/\/roveyayinevi.com.tr\/index.php\/urun\/turk-devrim-tarihi-kucuk-boy-6-baski\/"},"modified":"2026-04-16T01:59:23","modified_gmt":"2026-04-15T22:59:23","slug":"turk-devrim-tarihi-kucuk-boy-6-baski","status":"publish","type":"product","link":"https:\/\/roveyayinevi.com.tr\/index.php\/urun\/turk-devrim-tarihi-kucuk-boy-6-baski\/","title":{"rendered":"T\u00fcrk Devrim Tarihi (K\u00fc\u00e7\u00fck Boy) 6. Bask\u0131"},"content":{"rendered":"<p>Prof. Toktam\u0131\u015f Ate\u015f T\u00fcrk Devrim Tarihi\u2019nde, Mondros M\u00fctarekesi\u2019nden Mustafa Kemal\u2019in \u00f6l\u00fcm\u00fcne kadar olan s\u00fcreci al\u0131\u015f\u0131lm\u0131\u015f kal\u0131plar\u0131n d\u0131\u015f\u0131nda inceleyerek T\u00fcrkiye Cumhuriyeti\u2019nin kurulu\u015f felsefesini, olaylar\u0131 yaratan toplumsal dinamiklerle ili\u015fkilendirerek yorumluyor. T\u00fcrk Devrim Tarihi\u2019nde olaylarla Milli M\u00fccadele\u2019nin temel a\u015famalar\u0131 ve devrimler, benzerlerinde oldu\u011fu gibi ardarda s\u0131ralan\u0131p kuru ve devrim felsefesini yans\u0131tmaktan uzak y\u00f6ntemlerle ele al\u0131nm\u0131yor. Toktam\u0131\u015f Ate\u015f T\u00fcrk Devrimi\u2019ni irdelerken, olaylar\u0131n arkaplan\u0131ndaki g\u00fc\u00e7leri, yirminci y\u00fczy\u0131l\u0131n ba\u015flar\u0131nda y\u00fckselmeye ba\u015flayan emperyalizm olgusunu, Osmanl\u0131 \u0130mparatorlu\u011fu\u2019nu \u00e7\u00f6k\u00fc\u015fe g\u00f6t\u00fcren nedenleri nesnel bir yakla\u015f\u0131mla do\u011fru yerine oturtuyor. Bu yap\u0131tta Kurtulu\u015f Sava\u015f\u0131, kongrelerden cephelere, sava\u015flardan antla\u015fmalara kadar t\u00fcm ayr\u0131nt\u0131lar\u0131yla yorumlan\u0131rken; Cumhuriyet\u2019i bi\u00e7imlendiren devrimler ve itici g\u00fc\u00e7leri, onlar\u0131 olu\u015fturan tarihsel ve sosyal ko\u015fullarla birlikte inceleniyor. B\u00f6ylelikle ilk kez T\u00fcrk Devrim Tarihi salt aktarmac\u0131 ve d\u00fcn\u00fc bug\u00fcne ba\u011flayan bir sistematikle sunuluyor. \u0130stanbul Bilgi \u00dcniversitesi Yay\u0131nlar\u0131, y\u0131llard\u0131r \u00fcniversitelerimizde ders kitab\u0131 olarak okutulan bu eseri farkl\u0131 bir bi\u00e7imde haz\u0131rlad\u0131. En ba\u015fta \u00f6\u011frencilerin T\u00fcrk Devrimi\u2019ni, kendi toplumsal konumlar\u0131yla, ya\u015fad\u0131klar\u0131 s\u00fcreci birlikte irdeleyerek, kavramalar\u0131 ama\u00e7land\u0131. Konular, d\u00f6nemin foto\u011fraflar\u0131 ve belgeleriyle birlikte sunulurken, tamamlay\u0131c\u0131 bilgilerle de zenginle\u015ftirildi. Ayr\u0131ca kitaba yeni b\u00f6l\u00fcmler eklendi ve kapsam\u0131 geni\u015fletildi. \u00dc\u00e7 y\u0131l\u0131 a\u015fk\u0131n bir s\u00fcre \u00f6nce kaybetti\u011fimiz Toktam\u0131\u015f Ate\u015f\u2019i, elinizdeki bu 7. Bask\u0131\u2019yla \u00f6zlemle an\u0131yoruz. <\/p>\n","protected":false},"excerpt":{"rendered":"<p>Prof. Toktam\u0131\u015f Ate\u015f T\u00fcrk Devrim Tarihi\u2019nde, Mondros M\u00fctarekesi\u2019nden Mustafa Kemal\u2019in \u00f6l\u00fcm\u00fcne kadar olan s\u00fcreci al\u0131\u015f\u0131lm\u0131\u015f kal\u0131plar\u0131n d\u0131\u015f\u0131nda inceleyerek T\u00fcrkiye Cumhuriyeti\u2019nin kurulu\u015f felsefesini, olaylar\u0131 yaratan toplumsal dinamiklerle<span class=\"excerpt-hellip\"> [\u2026]<\/span><\/p>\n","protected":false},"featured_media":0,"template":"","meta":{"_monsterinsights_skip_tracking":false,"_monsterinsights_sitenote_active":false,"_monsterinsights_sitenote_note":"","_monsterinsights_sitenote_category":0},"product_brand":[],"product_cat":[12304,13650],"product_tag":[],"class_list":{"0":"post-689759","1":"product","2":"type-product","3":"status-publish","5":"product_cat-tarih","6":"product_cat-turk-tarihi-arastirmalari","7":"pa_cilt-ciltsiz","8":"pa_tur-kitap","9":"pa_yayinevi-bilgi-universitesi-yayinlari-akademik","10":"pa_yazar-toktamis-ates","12":"first","13":"instock","14":"sale","15":"shipping-taxable","16":"purchasable","17":"product-type-simple"},"_links":{"self":[{"href":"https:\/\/roveyayinevi.com.tr\/index.php\/wp-json\/wp\/v2\/product\/689759","targetHints":{"allow":["GET"]}}],"collection":[{"href":"https:\/\/roveyayinevi.com.tr\/index.php\/wp-json\/wp\/v2\/product"}],"about":[{"href":"https:\/\/roveyayinevi.com.tr\/index.php\/wp-json\/wp\/v2\/types\/product"}],"wp:attachment":[{"href":"https:\/\/roveyayinevi.com.tr\/index.php\/wp-json\/wp\/v2\/media?parent=689759"}],"wp:term":[{"taxonomy":"product_brand","embeddable":true,"href":"https:\/\/roveyayinevi.com.tr\/index.php\/wp-json\/wp\/v2\/product_brand?post=689759"},{"taxonomy":"product_cat","embeddable":true,"href":"https:\/\/roveyayinevi.com.tr\/index.php\/wp-json\/wp\/v2\/product_cat?post=689759"},{"taxonomy":"product_tag","embeddable":true,"href":"https:\/\/roveyayinevi.com.tr\/index.php\/wp-json\/wp\/v2\/product_tag?post=689759"}],"curies":[{"name":"wp","href":"https:\/\/api.w.org\/{rel}","templated":true}]}}