{"id":689715,"date":"2025-08-27T13:48:08","date_gmt":"2025-08-27T10:48:08","guid":{"rendered":"https:\/\/roveyayinevi.com.tr\/index.php\/urun\/evliya-celebi-seyahatnamesinden-secmeler\/"},"modified":"2026-04-16T01:59:22","modified_gmt":"2026-04-15T22:59:22","slug":"evliya-celebi-seyahatnamesinden-secmeler","status":"publish","type":"product","link":"https:\/\/roveyayinevi.com.tr\/index.php\/urun\/evliya-celebi-seyahatnamesinden-secmeler\/","title":{"rendered":"Evliya \u00c7elebi Seyahatnamesi\u2019nden Se\u00e7meler"},"content":{"rendered":"<p>T\u00fcrk yaz\u0131n\u0131n\u0131n ba\u015f yap\u0131tlar\u0131ndan biri olan Seyahatname\u2019nin yazan olan Evliya \u00c7elebi\u2019nin tam ad\u0131 Evliya \u00c7elebi Bin Dervi\u015f Mehmet Zilli\u2019dir. Gezmeye duydu\u011fu ilgi \u00e7ocuklu\u011funda dinledi\u011fi \u00f6yk\u00fc, s\u00f6ylence ve masallardan kaynaklan\u0131r. Bir g\u00fcn d\u00fc\u015f\u00fcnde Peygamberi g\u00f6rd\u00fc\u011f\u00fcn\u00fc, &#8220;\u015eefaat ya Resulallah!&#8221; diyece\u011fine &#8220;Seyahat ya Resulallah!&#8221; dedi\u011fini, bu nedenle Peygamberin de ona g\u00f6nl\u00fcne g\u00f6re gezip g\u00f6rme izni verdi\u011fini belirtir.<\/p>\n","protected":false},"excerpt":{"rendered":"<p>T\u00fcrk yaz\u0131n\u0131n\u0131n ba\u015f yap\u0131tlar\u0131ndan biri olan Seyahatname\u2019nin yazan olan Evliya \u00c7elebi\u2019nin tam ad\u0131 Evliya \u00c7elebi Bin Dervi\u015f Mehmet Zilli\u2019dir. Gezmeye duydu\u011fu ilgi \u00e7ocuklu\u011funda dinledi\u011fi \u00f6yk\u00fc, s\u00f6ylence<span class=\"excerpt-hellip\"> [\u2026]<\/span><\/p>\n","protected":false},"featured_media":0,"template":"","meta":{"_monsterinsights_skip_tracking":false,"_monsterinsights_sitenote_active":false,"_monsterinsights_sitenote_note":"","_monsterinsights_sitenote_category":0},"product_brand":[],"product_cat":[12312,12304],"product_tag":[],"class_list":{"0":"post-689715","1":"product","2":"type-product","3":"status-publish","5":"product_cat-diger","6":"product_cat-tarih","7":"pa_cilt-ciltsiz","8":"pa_tur-kitap","9":"pa_yayinevi-iskele-yayincilik","10":"pa_yazar-evliya-celebi","12":"first","13":"instock","14":"sale","15":"shipping-taxable","16":"purchasable","17":"product-type-simple"},"_links":{"self":[{"href":"https:\/\/roveyayinevi.com.tr\/index.php\/wp-json\/wp\/v2\/product\/689715","targetHints":{"allow":["GET"]}}],"collection":[{"href":"https:\/\/roveyayinevi.com.tr\/index.php\/wp-json\/wp\/v2\/product"}],"about":[{"href":"https:\/\/roveyayinevi.com.tr\/index.php\/wp-json\/wp\/v2\/types\/product"}],"wp:attachment":[{"href":"https:\/\/roveyayinevi.com.tr\/index.php\/wp-json\/wp\/v2\/media?parent=689715"}],"wp:term":[{"taxonomy":"product_brand","embeddable":true,"href":"https:\/\/roveyayinevi.com.tr\/index.php\/wp-json\/wp\/v2\/product_brand?post=689715"},{"taxonomy":"product_cat","embeddable":true,"href":"https:\/\/roveyayinevi.com.tr\/index.php\/wp-json\/wp\/v2\/product_cat?post=689715"},{"taxonomy":"product_tag","embeddable":true,"href":"https:\/\/roveyayinevi.com.tr\/index.php\/wp-json\/wp\/v2\/product_tag?post=689715"}],"curies":[{"name":"wp","href":"https:\/\/api.w.org\/{rel}","templated":true}]}}