{"id":689667,"date":"2025-08-27T13:47:59","date_gmt":"2025-08-27T10:47:59","guid":{"rendered":"https:\/\/roveyayinevi.com.tr\/index.php\/urun\/gundelik-hayatimizin-tarihi-ciltli\/"},"modified":"2026-04-16T01:59:21","modified_gmt":"2026-04-15T22:59:21","slug":"gundelik-hayatimizin-tarihi-ciltli","status":"publish","type":"product","link":"https:\/\/roveyayinevi.com.tr\/index.php\/urun\/gundelik-hayatimizin-tarihi-ciltli\/","title":{"rendered":"G\u00fcndelik Hayat\u0131m\u0131z\u0131n Tarihi (Ciltli)"},"content":{"rendered":"<p>Bu kitab\u0131 elinize ald\u0131\u011f\u0131n\u0131z tam \u015fu anda durun ve d\u00fc\u015f\u00fcn\u00fcn. Onu var eden k\u00e2\u011f\u0131d\u0131n, m\u00fcrekkebin, yap\u0131\u015ft\u0131r\u0131c\u0131n\u0131n nereden geldi\u011fini ve hatta hayatlar\u0131m\u0131za nas\u0131l girdi\u011fini hat\u0131rlamaya \u00e7al\u0131\u015f\u0131n. Bildi\u011fimiz veya bildi\u011fimizi zannetti\u011fimiz ya da kesinlikle bilmedi\u011fimiz tarihleriyle say\u0131s\u0131z e\u015fya, gelenek ve \u00e2detle doludur ya\u015famlar\u0131m\u0131z. \u00c7o\u011fu zaman \u00fcst\u00fcne d\u00fc\u015f\u00fcnmedi\u011fimiz, baz\u0131lar\u0131n\u0131 i\u015flevsel g\u00f6rd\u00fc\u011f\u00fcm\u00fcz, baz\u0131lar\u0131n\u0131 toplumsal zorunluluk kabul ederek uymaya \u00e7al\u0131\u015ft\u0131\u011f\u0131m\u0131z, baz\u0131lar\u0131 \u00e7ocuklu\u011fumuzun geri gelmeyecek g\u00fcnlerinden an\u0131lar olarak kalan, baz\u0131lar\u0131na al\u0131\u015fmaya \u00e7al\u0131\u015ft\u0131\u011f\u0131m\u0131z ve baz\u0131lar\u0131na da tepki duydu\u011fumuz eski yeni e\u015fya, \u00e2det ve ifadeler, ki\u015fili\u011fimizi belirleyen, ki\u015fisel veya grup olarak kimli\u011fimizi ifade etmemizde birincil derecede rol oynayan, k\u00fclt\u00fcr ve uygarl\u0131k \u00fcr\u00fcnleridir. G\u00fcndelik Hayat\u0131m\u0131z\u0131n Tarihi t\u00fcm bu k\u00fclt\u00fcr ve uygarl\u0131k \u00fcr\u00fcnlerinin tarih, co\u011frafya, k\u00fclt\u00fcr, medeniyetler ve zaman i\u00e7inde yapt\u0131\u011f\u0131 yolculuklara kar\u015f\u0131la\u015ft\u0131rmal\u0131 etimolojileriyle birlikte \u0131\u015f\u0131k tutmay\u0131 hedefliyor. Kudret Emiro\u011flu (1956), Trabzon&#8217;da do\u011fdu. A\u00dc SBF Uluslararas\u0131 \u0130li\u015fkiler B\u00f6l\u00fcm\u00fc&#8217;n\u00fc bitirdi. Tarih, \u00f6zellikle yerel tarih ve kar\u015f\u0131la\u015ft\u0131rmal\u0131 etimoloji \u00fczerine makaleleri \u00e7e\u015fitli dergilerde yay\u0131mland\u0131. Kebike\u00e7-\u0130nsan Bilimleri \u0130\u00e7in Kaynak Ara\u015ft\u0131rmalar\u0131 dergisinin yay\u0131n y\u00f6netmenidir; \u00e7ok say\u0131da \u0130ngilizce \u00e7eviri ve Osmanl\u0131ca \u00e7evrimyaz\u0131 kitab\u0131 bulunmaktad\u0131r. Yay\u0131mlanm\u0131\u015f telif eserleri \u015funlard\u0131r: Trabzon-Ma\u00e7ka Etimoloji S\u00f6zl\u00fc\u011f\u00fc; Anadolu&#8217;da Devrim G\u00fcnleri &#8211; \u0130kinci Me\u015frutiyet&#8217;in \u0130lan\u0131; Mardin A\u015firet &#8211; Cemaat &#8211; Devlet (S. Ayd\u0131n, O. \u00d6zel, S.\u00dcnal&#8217;la birlikte); Yolda\u015f\u0131m\u0131z At (A. Y\u00fcksel, \u00dc. Uzmay&#8217;la birlikte); Antropoloji S\u00f6zl\u00fc\u011f\u00fc (S. Ayd\u0131n&#8217;la birlikte), K\u00fc\u00e7\u00fck Asya&#8217;n\u0131n Bin Y\u00fcz\u00fc: Ankara(S. Ayd\u0131n, \u00d6. T\u00fcrko\u011flu, E.D. \u00d6zsoy&#8217;la birlikte); Ekonomi S\u00f6zl\u00fc\u011f\u00fc (B. Dan\u0131\u015fo\u011flu, B. Berbero\u011flu&#8217;yla birlikte); Hamsi Kurban O G\u00f6ze, Deniz, Tarih ve Mutfak K\u00fclt\u00fcr\u00fc (A. C. Saydam, N. K. \u00c7evik&#8217;le birlikte). \ufffcTan\u0131t\u0131m Metni<\/p>\n","protected":false},"excerpt":{"rendered":"<p>Bu kitab\u0131 elinize ald\u0131\u011f\u0131n\u0131z tam \u015fu anda durun ve d\u00fc\u015f\u00fcn\u00fcn. Onu var eden k\u00e2\u011f\u0131d\u0131n, m\u00fcrekkebin, yap\u0131\u015ft\u0131r\u0131c\u0131n\u0131n nereden geldi\u011fini ve hatta hayatlar\u0131m\u0131za nas\u0131l girdi\u011fini hat\u0131rlamaya \u00e7al\u0131\u015f\u0131n. Bildi\u011fimiz<span class=\"excerpt-hellip\"> [\u2026]<\/span><\/p>\n","protected":false},"featured_media":0,"template":"","meta":{"_monsterinsights_skip_tracking":false,"_monsterinsights_sitenote_active":false,"_monsterinsights_sitenote_note":"","_monsterinsights_sitenote_category":0},"product_brand":[],"product_cat":[13633,12324],"product_tag":[],"class_list":{"0":"post-689667","1":"product","2":"type-product","3":"status-publish","5":"product_cat-kultur-ve-bilim","6":"product_cat-sosyoloji","7":"pa_cilt-ciltli","8":"pa_tur-kitap","9":"pa_yayinevi-is-bankasi-kultur-yayinlari","10":"pa_yazar-kudret-emiroglu","12":"first","13":"instock","14":"sale","15":"shipping-taxable","16":"purchasable","17":"product-type-simple"},"_links":{"self":[{"href":"https:\/\/roveyayinevi.com.tr\/index.php\/wp-json\/wp\/v2\/product\/689667","targetHints":{"allow":["GET"]}}],"collection":[{"href":"https:\/\/roveyayinevi.com.tr\/index.php\/wp-json\/wp\/v2\/product"}],"about":[{"href":"https:\/\/roveyayinevi.com.tr\/index.php\/wp-json\/wp\/v2\/types\/product"}],"wp:attachment":[{"href":"https:\/\/roveyayinevi.com.tr\/index.php\/wp-json\/wp\/v2\/media?parent=689667"}],"wp:term":[{"taxonomy":"product_brand","embeddable":true,"href":"https:\/\/roveyayinevi.com.tr\/index.php\/wp-json\/wp\/v2\/product_brand?post=689667"},{"taxonomy":"product_cat","embeddable":true,"href":"https:\/\/roveyayinevi.com.tr\/index.php\/wp-json\/wp\/v2\/product_cat?post=689667"},{"taxonomy":"product_tag","embeddable":true,"href":"https:\/\/roveyayinevi.com.tr\/index.php\/wp-json\/wp\/v2\/product_tag?post=689667"}],"curies":[{"name":"wp","href":"https:\/\/api.w.org\/{rel}","templated":true}]}}