{"id":689510,"date":"2025-08-27T13:11:52","date_gmt":"2025-08-27T10:11:52","guid":{"rendered":"https:\/\/roveyayinevi.com.tr\/index.php\/urun\/ataturk-ve-kayip-kita-mu\/"},"modified":"2026-04-16T01:59:17","modified_gmt":"2026-04-15T22:59:17","slug":"ataturk-ve-kayip-kita-mu","status":"publish","type":"product","link":"https:\/\/roveyayinevi.com.tr\/index.php\/urun\/ataturk-ve-kayip-kita-mu\/","title":{"rendered":"Atat\u00fcrk ve Kay\u0131p K\u0131ta Mu"},"content":{"rendered":"<p>Y\u0131llard\u0131r Saklanan B\u00fcy\u00fck S\u0131r A\u00e7\u0131\u011fa \u00c7\u0131k\u0131yor! Bir Efsane Ger\u00e7ek Oluyor&#8230; Her \u015fey 1930\u2019lu y\u0131llarda Atat\u00fcrk\u2019\u00fcn ileri s\u00fcrd\u00fc\u011f\u00fc T\u00fcrk Tarih Tezi\u2019yle ba\u015flad\u0131. Atat\u00fcrk, 1932\u2019den sonra T\u00fcrk Tarih Tezi\u2019nin kay\u0131p par\u00e7as\u0131 n\u0131n pe\u015fine d\u00fc\u015ft\u00fc. T\u00fcrklerin Orta Asya\u2019dan \u00f6nceki ilk yurtlar\u0131n\u0131 ar\u0131yordu. Bu ama\u00e7la 1934 y\u0131l\u0131nda Tahsin Bey\u2019i Meksika B\u00fcy\u00fckel\u00e7ili\u011fi\u2019ne atad\u0131. Tahsin Bey\u2019in gizli g\u00f6revi T\u00fcrklerle eski Amerikan halklar\u0131 aras\u0131ndaki ili\u015fkiyi ara\u015ft\u0131rmakt\u0131. Tahsin Bey, Meksika\u2019daki ara\u015ft\u0131rmalar\u0131n\u0131n sonucunda \u015fa\u015f\u0131rt\u0131c\u0131 bir bilgiyle kar\u015f\u0131la\u015ft\u0131. Bu bilgiye g\u00f6re T\u00fcrkler, M\u00d6 12.000\u2019lerde bir do\u011fal afet sonunda Pasifik Okyanusu\u2019nda sulara g\u00f6m\u00fclen Kay\u0131p K\u0131ta Mu\u2019dan Orta Asya\u2019ya g\u00f6\u00e7 etmi\u015flerdi. &#8211; Atat\u00fcrk Kay\u0131p K\u0131ta Mu\u2019da ne arad\u0131? &#8211; Tahsin Bey\u2019in Meksika\u2019dan Atat\u00fcrk\u2019e g\u00f6nderdi\u011fi raporlarda hangi bilgiler vard\u0131? &#8211; Atat\u00fcrk, J. Churchward\u2019\u0131n Mu konulu kitaplar\u0131n\u0131 neden T\u00fcrk\u00e7eye terc\u00fcme ettirdi? &#8211; Atat\u00fcrk, Tahsin Bey\u2019in baz\u0131 raporlar\u0131n\u0131 neden ele\u015ftirdi? &#8211; Kay\u0131p K\u0131ta Mu nas\u0131l bir yerdi? &#8211; T\u00fcrk\u00e7e ile eski Amerikan halklar\u0131n\u0131n dilleri aras\u0131ndaki \u015fa\u015f\u0131rt\u0131c\u0131 benzerlikler neyin i\u015faretiydi? Ve daha pek \u00e7ok bilinmeyenin yan\u0131t\u0131n\u0131 Atat\u00fcrk ve Kay\u0131p K\u0131ta Mu da bulacaks\u0131n\u0131z. Elinizdeki kitap Atat\u00fcrk\u2019\u00fcn daha \u00f6nce hi\u00e7 bilinmeyen bir \u00f6zelli\u011fini ilk kez t\u00fcm boyutlar\u0131yla ortaya koymakta ve Atat\u00fcrk\u2019\u00fcn \u00f6mr\u00fcn\u00fcn son y\u0131llar\u0131ndaki b\u00fcy\u00fck aray\u0131\u015f\u0131na \u0131\u015f\u0131k tutmaktad\u0131r. Bu kitapta okuyacaklar\u0131n\u0131z sizi hem \u00e7ok \u015fa\u015f\u0131rtacak, hem \u00e7ok d\u00fc\u015f\u00fcnd\u00fcrecek, hem de Atat\u00fcrk\u2019le ilgili bilgilerinize \u00e7ok \u00f6zg\u00fcn katk\u0131lar yapacakt\u0131r. Atat\u00fcrk, T\u00fcrklerin Orta Asya\u2019ya gelmeden \u00f6nce Mu k\u0131tas\u0131nda ya\u015fad\u0131klar\u0131na \u00e7ok emin bir \u015fekilde inan\u0131rd\u0131, ama bu konudaki yo\u011fun ara\u015ft\u0131rmalar\u0131 1938\u2019de son nefesini vermesiyle bitiverdi. Atat\u00fcrk\u2019\u00fcn K\u00fct\u00fcphanecisi Nuri Ulusu.\ufffcTan\u0131t\u0131m Metni<\/p>\n","protected":false},"excerpt":{"rendered":"<p>Y\u0131llard\u0131r Saklanan B\u00fcy\u00fck S\u0131r A\u00e7\u0131\u011fa \u00c7\u0131k\u0131yor! Bir Efsane Ger\u00e7ek Oluyor&#8230; Her \u015fey 1930\u2019lu y\u0131llarda Atat\u00fcrk\u2019\u00fcn ileri s\u00fcrd\u00fc\u011f\u00fc T\u00fcrk Tarih Tezi\u2019yle ba\u015flad\u0131. Atat\u00fcrk, 1932\u2019den sonra T\u00fcrk Tarih<span class=\"excerpt-hellip\"> [\u2026]<\/span><\/p>\n","protected":false},"featured_media":0,"template":"","meta":{"_monsterinsights_skip_tracking":false,"_monsterinsights_sitenote_active":false,"_monsterinsights_sitenote_note":"","_monsterinsights_sitenote_category":0},"product_brand":[],"product_cat":[12530,12304],"product_tag":[],"class_list":{"0":"post-689510","1":"product","2":"type-product","3":"status-publish","5":"product_cat-mustafa-kemal-ataturk","6":"product_cat-tarih","7":"pa_cilt-ciltsiz","8":"pa_tur-kitap","9":"pa_yayinevi-inkilap-kitabevi","10":"pa_yazar-sinan-meydan","12":"first","13":"instock","14":"sale","15":"shipping-taxable","16":"purchasable","17":"product-type-simple"},"_links":{"self":[{"href":"https:\/\/roveyayinevi.com.tr\/index.php\/wp-json\/wp\/v2\/product\/689510","targetHints":{"allow":["GET"]}}],"collection":[{"href":"https:\/\/roveyayinevi.com.tr\/index.php\/wp-json\/wp\/v2\/product"}],"about":[{"href":"https:\/\/roveyayinevi.com.tr\/index.php\/wp-json\/wp\/v2\/types\/product"}],"wp:attachment":[{"href":"https:\/\/roveyayinevi.com.tr\/index.php\/wp-json\/wp\/v2\/media?parent=689510"}],"wp:term":[{"taxonomy":"product_brand","embeddable":true,"href":"https:\/\/roveyayinevi.com.tr\/index.php\/wp-json\/wp\/v2\/product_brand?post=689510"},{"taxonomy":"product_cat","embeddable":true,"href":"https:\/\/roveyayinevi.com.tr\/index.php\/wp-json\/wp\/v2\/product_cat?post=689510"},{"taxonomy":"product_tag","embeddable":true,"href":"https:\/\/roveyayinevi.com.tr\/index.php\/wp-json\/wp\/v2\/product_tag?post=689510"}],"curies":[{"name":"wp","href":"https:\/\/api.w.org\/{rel}","templated":true}]}}