{"id":689499,"date":"2025-08-27T13:11:50","date_gmt":"2025-08-27T10:11:50","guid":{"rendered":"https:\/\/roveyayinevi.com.tr\/index.php\/urun\/dunyanin-yeni-akli-neoliberal-toplum-uzerine-deneme\/"},"modified":"2025-12-30T09:35:45","modified_gmt":"2025-12-30T06:35:45","slug":"dunyanin-yeni-akli-neoliberal-toplum-uzerine-deneme","status":"publish","type":"product","link":"https:\/\/roveyayinevi.com.tr\/index.php\/urun\/dunyanin-yeni-akli-neoliberal-toplum-uzerine-deneme\/","title":{"rendered":"D\u00fcnyan\u0131n Yeni Akl\u0131: Neoliberal Toplum \u00dczerine Deneme"},"content":{"rendered":"<p>Pierre Dardot ile ChristianLaval\u2019In yay\u0131nland\u0131\u011f\u0131nda tart\u0131\u015fmalar yaratan bu eseri, ya\u015fad\u0131\u011f\u0131m\u0131z ve s\u00fcrekli olarak tekrarlanan ekonomik krizlerin, kamusal alan\u0131n giderek bir \u015firket gibi i\u015fletilmesinin, asl\u0131nda bir \u201cdelili\u011fin\u201d de\u011fil; par\u00e7alar\u203a bir araya getirilmesi gereken bir \u201cakl\u0131n\u201d sonucu oldu\u011funu savunuyor. \u0130\u00e7inde ya\u015fad\u0131\u011f\u0131m\u0131z bu \u201cakl\u0131n\u201d tarihi nedir? Bu kitap \u00f6ncelikle, liberalizmin ilk bi\u00e7iminin temelinde bulunan iktidar\u0131n s\u0131n\u0131rlanmas\u0131 sorununu, geli\u015ftirdi\u011fi insan ve tarih kavray\u0131\u015flar\u0131yla birlikte ele al\u0131yor. B\u00fct\u00fcn bu sorunsal\u0131n \u201cklasik liberalizm\u201d ad\u0131 alt\u0131nda b\u00fct\u00fcnle\u015ftirilemeyecek geli\u015fimini ortaya koyduktan sonra, neoliberalizmin, 1920\u2019lerin sonundan itibaren \u201cb\u0131rak\u0131n\u0131z yaps\u0131nlar\u201d dogmas\u0131n\u0131n ele\u015ftirilmesiyle nas\u0131l ortaya \u00e7\u0131kt\u0131\u011f\u0131n\u0131 inceliyor. Buna g\u00f6re neoliberalizm, s\u00f6ylendi\u011fi gibi, \u201cpiyasan\u0131n serbest b\u0131rak\u0131lmas\u0131\u201d de\u011fildir; tersine neoliberalizm piyasay\u0131, \u00e7oklu akt\u00f6r ve stratejilerle in\u015fa edilmesi ve s\u0131n\u0131rs\u0131zca geni\u015flemesi gereken bir alan olarak g\u00f6r\u00fcr. Neoliberalizmde yeni (neo) olan, tam da budur. Neoliberal ak\u0131l, bir yandan yeni piyasalar olu\u015ftururken, bir yandan da managementgibi teknikler sayesinde piyasa mant\u0131\u011f\u0131n\u0131, devlete oldu\u011fu kadar ki\u015filerin kendileriyle kurduklar\u0131 ili\u015fkiye de sirayet edecek bi\u00e7imde geni\u015fletir. Dolay\u0131s\u0131yla bu kitap, devletin bir \u015firket gibi y\u00f6netilmesinin \u00fcst\u00fcne bast\u0131\u011f\u0131 gibi her birimizin de kendimizi bir \u015firket gibi y\u00f6netmeye itilmemizden de s\u00f6z ediyor. Bir ak\u0131l olarak neoliberalizmin rekabet normlar\u0131n\u0131, e\u011fitim ve sa\u011fl\u0131k alanlar\u0131ndan psikolojiye dek yayg\u0131nla\u015ft\u0131rarak, birey olarak \u00f6zne olma bi\u00e7imimizi etkiledi\u011fini g\u00f6steriyor.  Kitab\u0131 yay\u0131na haz\u0131rlayan Ferhat Taylan\u2019\u0131n yazarlarla yapm\u0131\u015f oldu\u011fu s\u00f6yle\u015fi ise eserin Fransa\u2019da yay\u0131nlanmas\u0131ndan sonra yap\u0131lan tart\u0131\u015fma ve de\u011ferlendirmeleri ele al\u0131rken, neoliberal akl\u0131n h\u0131zla yerle\u015fmeye ba\u015flad\u0131\u011f\u0131 \u00fclkemizdeki geli\u015fmelere, yarat\u0131lmak istenen rekabet mant\u0131\u011f\u0131na kar\u015f\u0131 \u00fcretilmesi gereken farkl\u0131 ortakl\u0131k mant\u0131\u011f\u0131na da \u0131\u015f\u0131k tutuyor. <\/p>\n","protected":false},"excerpt":{"rendered":"<p>Pierre Dardot ile ChristianLaval\u2019In yay\u0131nland\u0131\u011f\u0131nda tart\u0131\u015fmalar yaratan bu eseri, ya\u015fad\u0131\u011f\u0131m\u0131z ve s\u00fcrekli olarak tekrarlanan ekonomik krizlerin, kamusal alan\u0131n giderek bir \u015firket gibi i\u015fletilmesinin, asl\u0131nda bir \u201cdelili\u011fin\u201d<span class=\"excerpt-hellip\"> [\u2026]<\/span><\/p>\n","protected":false},"featured_media":0,"template":"","meta":{"_monsterinsights_skip_tracking":false,"_monsterinsights_sitenote_active":false,"_monsterinsights_sitenote_note":"","_monsterinsights_sitenote_category":0},"product_brand":[],"product_cat":[13596,12337],"product_tag":[],"class_list":{"0":"post-689499","1":"product","2":"type-product","3":"status-publish","5":"product_cat-avrupa-birligi","6":"product_cat-politika-siyaset","7":"pa_cilt-ciltsiz","8":"pa_tur-kitap","9":"pa_yayinevi-bilgi-universitesi-yayinlari","10":"pa_yazar-christian-laval","11":"pa_yazar-pierre-dardot","13":"first","14":"instock","15":"sale","16":"shipping-taxable","17":"purchasable","18":"product-type-simple"},"_links":{"self":[{"href":"https:\/\/roveyayinevi.com.tr\/index.php\/wp-json\/wp\/v2\/product\/689499","targetHints":{"allow":["GET"]}}],"collection":[{"href":"https:\/\/roveyayinevi.com.tr\/index.php\/wp-json\/wp\/v2\/product"}],"about":[{"href":"https:\/\/roveyayinevi.com.tr\/index.php\/wp-json\/wp\/v2\/types\/product"}],"wp:attachment":[{"href":"https:\/\/roveyayinevi.com.tr\/index.php\/wp-json\/wp\/v2\/media?parent=689499"}],"wp:term":[{"taxonomy":"product_brand","embeddable":true,"href":"https:\/\/roveyayinevi.com.tr\/index.php\/wp-json\/wp\/v2\/product_brand?post=689499"},{"taxonomy":"product_cat","embeddable":true,"href":"https:\/\/roveyayinevi.com.tr\/index.php\/wp-json\/wp\/v2\/product_cat?post=689499"},{"taxonomy":"product_tag","embeddable":true,"href":"https:\/\/roveyayinevi.com.tr\/index.php\/wp-json\/wp\/v2\/product_tag?post=689499"}],"curies":[{"name":"wp","href":"https:\/\/api.w.org\/{rel}","templated":true}]}}