{"id":689471,"date":"2025-08-27T13:11:45","date_gmt":"2025-08-27T10:11:45","guid":{"rendered":"https:\/\/roveyayinevi.com.tr\/index.php\/urun\/akl-i-kemal-cilt-3\/"},"modified":"2026-04-16T01:59:16","modified_gmt":"2026-04-15T22:59:16","slug":"akl-i-kemal-cilt-3","status":"publish","type":"product","link":"https:\/\/roveyayinevi.com.tr\/index.php\/urun\/akl-i-kemal-cilt-3\/","title":{"rendered":"Akl-\u0131 Kemal Cilt: 3"},"content":{"rendered":"<p>O nas\u0131l yapt\u0131 \u00d6tekiler Nas\u0131l Y\u0131kt\u0131?  Devrim ve Kar\u015f\u0131 Devrim  D\u00fcnyaya parmak \u0131s\u0131rtan Cumhuriyet mucizesi ak\u0131ll\u0131 projelerin, ak\u0131ll\u0131 projeler ise Akl-\u0131 Kemal\u2019in (Atat\u00fcrk\u2019\u00fcn akl\u0131n\u0131n) bir \u00fcr\u00fcn\u00fcd\u00fcr. Akl-\u0131 Kemal\u2019in 3. cildinde yer alan  Atat\u00fcrk\u2019\u00fcn Ak\u0131ll\u0131 Projeleri  \u015funlard\u0131r: Kemalist Ekonomi Modeli (KEM) Yokluk ve yoksulluk i\u00e7inde kazan\u0131lan bir Kurtulu\u015f Sava\u015f\u0131&#8230; Ka\u011fn\u0131 komutanlar\u0131, kad\u0131n ka\u011fn\u0131 s\u00fcr\u00fcc\u00fclerinin gizli \u00f6yk\u00fcs\u00fc, u\u00e7an ka\u011fn\u0131n\u0131n ve paradaki saban\u0131n s\u0131rr\u0131. Tekalif-i Milliye Emirleri ve T\u00fcrk insan\u0131n\u0131n b\u00fcy\u00fck fedak\u00e2rl\u0131\u011f\u0131. \u0130malat-\u0131 Harbiye ger\u00e7e\u011fi. Osmanl\u0131\u2019n\u0131n emperyalizme teslim olarak \u00e7\u00f6k\u00fc\u015f\u00fcn\u00fcn k\u0131sa tarihi. Atat\u00fcrk\u2019\u00fcn emperyalizmin pen\u00e7esinde, bor\u00e7 bata\u011f\u0131nda, yoksul bir \u00fclkeden bor\u00e7suz ve tam ba\u011f\u0131ms\u0131z bir \u00fclke yaratmas\u0131. Kemalist Ekonomi Modeli. Belgeler, rakamlar ve istatistiklerle Cumhuriyet\u2019in ekonomi mucizesi. Kemalist Ekonomi Modelinin yok edili\u015fine ili\u015fkin unutulan ger\u00e7ekler: ABD istekleri, ABD raporlar\u0131 ve ikili anla\u015fmalar. Sosyal Fabrika Projesi: Atat\u00fcrk\u2019\u00fcn fabrikalara verdi\u011fi \u00f6nem. Atat\u00fcrk\u2019\u00fcn kurdu\u011fu fabrikalar\u0131n tam listesi. Belgelerle ve foto\u011fraflarla Atat\u00fcrk\u2019\u00fcn Sosyal Fabrika Projesi. Atat\u00fcrk\u2019\u00fcn Kalk\u0131nma Planlar\u0131 ve Devlet\u00e7i a\u011f\u0131r sanayi hamlesi. Atat\u00fcrk\u2019\u00fcn Sosyal Fabrika Projesi\u2019nin yok edili\u015fi. Kap\u0131s\u0131na kilit vurulan, y\u0131k\u0131lan, yok pahas\u0131na sat\u0131lan fabrikalar ve Nazilli S\u00fcmerbank Basma Fabrikas\u0131\u2019n\u0131n bug\u00fcnk\u00fc i\u00e7ler ac\u0131s\u0131 durumunun belge foto\u011fraflar\u0131&#8230; Demira\u011f (Demiryolu) Projesi: Osmanl\u0131 Devleti\u2019nin s\u00f6m\u00fcr\u00fclmesinde ve y\u0131k\u0131lmas\u0131nda yanl\u0131\u015f demiryolu politikas\u0131n\u0131n rol\u00fc. Yabanc\u0131 \u015firketlere geni\u015f ayr\u0131cal\u0131klar tan\u0131yan demiryolu imtiyaz s\u00f6zle\u015fmeleriyle emperyalizmin Osmanl\u0131\u2019y\u0131 iliklerine kadar s\u00f6m\u00fcrd\u00fc\u011f\u00fc ger\u00e7e\u011fi. Atat\u00fcrk\u2019\u00fcn antiemperyalist ve milli demiryolu politikas\u0131. Atat\u00fcrk\u2019\u00fcn T\u00fcrkiye\u2019yi demira\u011flarla \u00f6rd\u00fc\u011f\u00fc ger\u00e7e\u011fi. Atat\u00fcrk\u2019ten sonra T\u00fcrkiye\u2019nin Demira\u011f Projesinden vazge\u00e7ip  Karayolu Projesi ne y\u00f6nelmesinin nedenleri. Bu konudaki ABD raporlar\u0131, ABD istekleri, ABD yard\u0131mlar\u0131 ve ikili anla\u015fmalar&#8230; Atat\u00fcrk, ak\u0131ll\u0131 projelerini geli\u015ftirirken tarihi tecr\u00fcbelerden, Tanzimat\u2019tan beri devam eden k\u0131r\u0131lgan ve karars\u0131z Osmanl\u0131 modernle\u015fmesinden, 15. y\u00fczy\u0131lda ba\u015flayan Avrupa ayd\u0131nlanmas\u0131ndan, T\u00fcrk-\u0130slam tarihinin ayd\u0131nl\u0131k sayfalar\u0131ndan, okudu\u011fu 5000\u2019e yak\u0131n kitaptan ve Allah vergisi dehas\u0131ndan yararlanm\u0131\u015ft\u0131r. Atat\u00fcrk\u2019\u00fcn Ak\u0131ll\u0131 Projeleri, Atat\u00fcrk\u2019\u00fcn \u00f6l\u00fcm\u00fcnden hemen sonra yok edilmeye ba\u015flanm\u0131\u015ft\u0131r.  Ben bu konular\u0131 daha gen\u00e7li\u011fimden beri d\u00fc\u015f\u00fcnen bir insan\u0131m. E\u011fer size, bu konular\u0131 yeni d\u00fc\u015f\u00fcnmeye ba\u015flad\u0131\u011f\u0131m\u0131 s\u00f6ylersem inanmay\u0131n\u0131z.  -Mustafa Kemal Atat\u00fcrk- <\/p>\n","protected":false},"excerpt":{"rendered":"<p>O nas\u0131l yapt\u0131 \u00d6tekiler Nas\u0131l Y\u0131kt\u0131? Devrim ve Kar\u015f\u0131 Devrim D\u00fcnyaya parmak \u0131s\u0131rtan Cumhuriyet mucizesi ak\u0131ll\u0131 projelerin, ak\u0131ll\u0131 projeler ise Akl-\u0131 Kemal\u2019in (Atat\u00fcrk\u2019\u00fcn akl\u0131n\u0131n) bir \u00fcr\u00fcn\u00fcd\u00fcr.<span class=\"excerpt-hellip\"> [\u2026]<\/span><\/p>\n","protected":false},"featured_media":0,"template":"","meta":{"_monsterinsights_skip_tracking":false,"_monsterinsights_sitenote_active":false,"_monsterinsights_sitenote_note":"","_monsterinsights_sitenote_category":0},"product_brand":[],"product_cat":[12530,12304],"product_tag":[],"class_list":{"0":"post-689471","1":"product","2":"type-product","3":"status-publish","5":"product_cat-mustafa-kemal-ataturk","6":"product_cat-tarih","7":"pa_cilt-ciltsiz","8":"pa_tur-kitap","9":"pa_yayinevi-inkilap-kitabevi","10":"pa_yazar-sinan-meydan","12":"first","13":"instock","14":"sale","15":"shipping-taxable","16":"purchasable","17":"product-type-simple"},"_links":{"self":[{"href":"https:\/\/roveyayinevi.com.tr\/index.php\/wp-json\/wp\/v2\/product\/689471","targetHints":{"allow":["GET"]}}],"collection":[{"href":"https:\/\/roveyayinevi.com.tr\/index.php\/wp-json\/wp\/v2\/product"}],"about":[{"href":"https:\/\/roveyayinevi.com.tr\/index.php\/wp-json\/wp\/v2\/types\/product"}],"wp:attachment":[{"href":"https:\/\/roveyayinevi.com.tr\/index.php\/wp-json\/wp\/v2\/media?parent=689471"}],"wp:term":[{"taxonomy":"product_brand","embeddable":true,"href":"https:\/\/roveyayinevi.com.tr\/index.php\/wp-json\/wp\/v2\/product_brand?post=689471"},{"taxonomy":"product_cat","embeddable":true,"href":"https:\/\/roveyayinevi.com.tr\/index.php\/wp-json\/wp\/v2\/product_cat?post=689471"},{"taxonomy":"product_tag","embeddable":true,"href":"https:\/\/roveyayinevi.com.tr\/index.php\/wp-json\/wp\/v2\/product_tag?post=689471"}],"curies":[{"name":"wp","href":"https:\/\/api.w.org\/{rel}","templated":true}]}}