{"id":689453,"date":"2025-08-27T13:11:42","date_gmt":"2025-08-27T10:11:42","guid":{"rendered":"https:\/\/roveyayinevi.com.tr\/index.php\/urun\/20-yuzyil-felsefe-tarihi\/"},"modified":"2026-02-03T02:00:40","modified_gmt":"2026-02-02T23:00:40","slug":"20-yuzyil-felsefe-tarihi","status":"publish","type":"product","link":"https:\/\/roveyayinevi.com.tr\/index.php\/urun\/20-yuzyil-felsefe-tarihi\/","title":{"rendered":"20. Y\u00fczy\u0131l Felsefe Tarihi"},"content":{"rendered":"<p>Fikirlerin tarihi hi\u00e7bir zaman saf de\u011fildir. Her fikir kendisiyle birlikte, bilimsel, siyasal veya dini kaynakl\u0131 tart\u0131\u015fmalar\u0131 harekete ge\u00e7irir. 20. y\u00fczy\u0131l\u0131n felsefe tarihini yazmak gibi zorlu bir i\u015fe giri\u015fen Christian Delacampagne, ele ald\u0131\u011f\u0131 her \u00f6rnekte bu kaynaklar\u0131 olabildi\u011fince ayd\u0131nlatmaya \u00e7al\u0131\u015f\u0131yor. Filozoflar\u0131n yeni bir kavram, duyulmad\u0131k bir sorunsal \u00f6nerirken kimlerle diyalo\u011fa girdiklerini veya kimlere kar\u015f\u0131 sava\u015ft\u0131klar\u0131n\u0131 anlamaya gayret ediyor. Bu \u00f6nermelerin mant\u0131\u011f\u0131, 20. y\u00fczy\u0131l\u0131n d\u00fc\u015f\u00fcn hayat\u0131na y\u00f6n vermi\u015f irdelenmesini gerektiriyor. \u00c7\u00fcnk\u00fc yazar, baz\u0131 d\u00fc\u015f\u00fcn\u00fcrleri eserlerine sahne g\u00f6revi varolu\u015fsal veya sosyolojik arkaplan\u0131 bilmeden do\u011fru \u015fekilde okuman\u0131n m\u00fcmk\u00fcn olmad\u0131\u011f\u0131 \u00f6n kabul\u00fcnden yola \u00e7\u0131k\u0131yor. Daha gelen olarak, b\u00fcy\u00fck felsefi tart\u0131\u015fmalar\u0131n, cereyan ettikleri tarihsel ba\u011flamdan tam manas\u0131yla soyutlanabilece\u011fine inanm\u0131yor. \u0130ki d\u00fcnya sava\u015f\u0131, 1917 Devrimi, Nazizm ve Kom\u00fcnizm, Auschwitz ve Hiro\u015fima, D\u00fcnya \u00fclkelerinin ve di\u011ferlerinin direni\u015fi&#8230; 20. Y\u00fczy\u0131l Felsefe Tarihi, Kant, Marx, Frege, Husserl, Wittgenstein, Heidegger, Adorno, Sartre, L\u00e9vi-Strauss, Habermas, Foucault, Derrida gibi ge\u00e7en y\u00fczy\u0131la y\u00f6n vermi\u015f d\u00fc\u015f\u00fcn\u00fcrleri \u00e7a\u011fda\u015f felsefenin etkilenmeden yapamayaca\u011f\u0131 kadar a\u011f\u0131r ve \u00f6nemli sonu\u00e7lar\u0131 olan bu arka planla birlikte ele alan, vazge\u00e7ilmez bir ba\u015fvuru kayna\u011f\u0131. Chiristian Delacampagne (1949-2007), felsefe \u00f6\u011frenimi g\u00f6rd\u00fckten sonra felsefe \u00f6\u011fretmenli\u011fi, gazetecilik, \u00e7e\u015fitli \u00fclkelerde Frans\u0131z K\u00fclt\u00fcr Merkezi y\u00f6neticili\u011fi gibi g\u00f6revlerde bulundu. 1998-2006 aras\u0131nda ise ABD&#8217;de s\u0131ras\u0131yla Connecticut College, Tufts University ve John Hopkins University&#8217;de 20. y\u00fczy\u0131l Frans\u0131z edebiyat\u0131 ve felsefe edebiyat\u0131 ve felsefe tarihin dersleri verdi. 1973-2004 aras\u0131nda d\u00fczenli olarak Le Monde gazetesinde de yazan ve otuzun \u00fczerinde yay\u0131mlanm\u0131\u015f kitab\u0131 bulunan Delacampagne&#8217;\u0131n Filozof ve Tiran. Yan\u0131lsaman\u0131n Tarihi adl\u0131 eseri de T\u00fcrk\u00e7eye \u00e7evrilmi\u015ftir. (2003) \ufffcTan\u0131t\u0131m Metni<\/p>\n","protected":false},"excerpt":{"rendered":"<p>Fikirlerin tarihi hi\u00e7bir zaman saf de\u011fildir. Her fikir kendisiyle birlikte, bilimsel, siyasal veya dini kaynakl\u0131 tart\u0131\u015fmalar\u0131 harekete ge\u00e7irir. 20. y\u00fczy\u0131l\u0131n felsefe tarihini yazmak gibi zorlu bir<span class=\"excerpt-hellip\"> [\u2026]<\/span><\/p>\n","protected":false},"featured_media":0,"template":"","meta":{"_monsterinsights_skip_tracking":false,"_monsterinsights_sitenote_active":false,"_monsterinsights_sitenote_note":"","_monsterinsights_sitenote_category":0},"product_brand":[],"product_cat":[12312,12304],"product_tag":[],"class_list":{"0":"post-689453","1":"product","2":"type-product","3":"status-publish","5":"product_cat-diger","6":"product_cat-tarih","7":"pa_cilt-ciltsiz","8":"pa_tur-kitap","9":"pa_yayinevi-is-bankasi-kultur-yayinlari","10":"pa_yazar-christian-delacampagne","12":"first","13":"instock","14":"sale","15":"shipping-taxable","16":"purchasable","17":"product-type-simple"},"_links":{"self":[{"href":"https:\/\/roveyayinevi.com.tr\/index.php\/wp-json\/wp\/v2\/product\/689453","targetHints":{"allow":["GET"]}}],"collection":[{"href":"https:\/\/roveyayinevi.com.tr\/index.php\/wp-json\/wp\/v2\/product"}],"about":[{"href":"https:\/\/roveyayinevi.com.tr\/index.php\/wp-json\/wp\/v2\/types\/product"}],"wp:attachment":[{"href":"https:\/\/roveyayinevi.com.tr\/index.php\/wp-json\/wp\/v2\/media?parent=689453"}],"wp:term":[{"taxonomy":"product_brand","embeddable":true,"href":"https:\/\/roveyayinevi.com.tr\/index.php\/wp-json\/wp\/v2\/product_brand?post=689453"},{"taxonomy":"product_cat","embeddable":true,"href":"https:\/\/roveyayinevi.com.tr\/index.php\/wp-json\/wp\/v2\/product_cat?post=689453"},{"taxonomy":"product_tag","embeddable":true,"href":"https:\/\/roveyayinevi.com.tr\/index.php\/wp-json\/wp\/v2\/product_tag?post=689453"}],"curies":[{"name":"wp","href":"https:\/\/api.w.org\/{rel}","templated":true}]}}