{"id":689400,"date":"2025-08-27T13:11:13","date_gmt":"2025-08-27T10:11:13","guid":{"rendered":"https:\/\/roveyayinevi.com.tr\/index.php\/urun\/vatandaslik-gelirine-dogru\/"},"modified":"2026-02-03T02:00:39","modified_gmt":"2026-02-02T23:00:39","slug":"vatandaslik-gelirine-dogru","status":"publish","type":"product","link":"https:\/\/roveyayinevi.com.tr\/index.php\/urun\/vatandaslik-gelirine-dogru\/","title":{"rendered":"Vatanda\u015fl\u0131k Gelirine Do\u011fru"},"content":{"rendered":"<p>\u201c\u00c7al\u0131\u015fmayana ekmek yok\u201d&#8230; sorgusuz sualsiz kabul edilecek bir g\u00fcndelik hikmet gibi geliyor kula\u011fa. Kapitalist sistemin zihinlerde \u201cdo\u011falla\u015ft\u0131rd\u0131\u011f\u0131\u201d bir kabul&#8230; Oysa biliyoruz ki, \u00e7al\u0131\u015facak i\u015f bulabilmek, tercihe ba\u011fl\u0131 de\u011fil; dolay\u0131s\u0131yla \u00e7al\u0131\u015fmaman\u0131n \u201ctembellik\u201d ya da \u201casalakl\u0131kla\u201d hi\u00e7 ilgisi olmayan nedenleri var. Ayr\u0131ca, \u00e7al\u0131\u015famayacak durumda olanlar\u0131n da var oldu\u011fu mal\u00fbm. Bunlar\u0131 hat\u0131rlay\u0131nca, as\u0131l hikmet \u015fu soruyu sormakta: \u201c\u00c7al\u0131\u015fmayan, \u00e7al\u0131\u015famayan, \u00f6ls\u00fcn m\u00fc?\u201d Toplumun, \u00e7al\u0131\u015f(a)mayanlara ve yoksullara kar\u015f\u0131 bir sorumlulu\u011fu yok mu? Thomas More\u2019dan Thomas Paine\u2019e, Charles Fourier\u2019den John Stuart Mill ve Bertrand Russell\u2019a dek bir\u00e7ok d\u00fc\u015f\u00fcn\u00fcr\u00fcn, kapitalizme y\u00f6neltti\u011fi temel bir ahl\u00e2k\u00ee itiraz\u0131n hareket noktas\u0131, bu yal\u0131n sorulard\u0131. Ay\u015fe Bu\u011fra ve \u00c7a\u011flar Keyder, derledikleri makalelerle, bu d\u00fc\u015f\u00fcnsel mirasa da yaslanarak, temel gelir veya vatanda\u015fl\u0131k geliri kavram\u0131n\u0131 tart\u0131\u015fmaya getiriyorlar: Her vatanda\u015fa, sadece bu toplumun bir ferdi olmalar\u0131yla hak ettikleri, ko\u015fulsuz bir asgari gelir&#8230; Neoliberalizmin verimsizli\u011fi \u201cde\u011fersiz hayat\u201d addeden k\u00fcstahl\u0131\u011f\u0131n\u0131n da, sosyal refah devletinin parlak zaman\u0131nda i\u015f g\u00f6ren korporatist anlay\u0131\u015f\u0131n da, temel gelirin bir sosyal hak olarak kurumla\u015ft\u0131r\u0131lmas\u0131n\u0131 \u201cpalyatif tedbir\u201d olarak k\u00fc\u00e7\u00fcmseyen radikal \u00e7ehreli sinik yakla\u015f\u0131mlar\u0131n da d\u0131\u015f\u0131nda bir a\u00e7\u0131l\u0131m bu. Emek piyasas\u0131na de\u011fil sosyal haklara dayal\u0131 \u00e7\u00f6z\u00fcmlere vurgu yapan, meseleyi teknokratik de\u011fil ahl\u00e2k\u00ee-politik olarak koyan bir a\u00e7\u0131l\u0131m. Derlemedeki katk\u0131lar, farkl\u0131 \u00fclkelerdeki deneyimleri ve konunun de\u011fi\u015fik boyutlar\u0131n\u0131 g\u00fcndeme getiriyorlar.<\/p>\n","protected":false},"excerpt":{"rendered":"<p>\u201c\u00c7al\u0131\u015fmayana ekmek yok\u201d&#8230; sorgusuz sualsiz kabul edilecek bir g\u00fcndelik hikmet gibi geliyor kula\u011fa. Kapitalist sistemin zihinlerde \u201cdo\u011falla\u015ft\u0131rd\u0131\u011f\u0131\u201d bir kabul&#8230; Oysa biliyoruz ki, \u00e7al\u0131\u015facak i\u015f bulabilmek, tercihe<span class=\"excerpt-hellip\"> [\u2026]<\/span><\/p>\n","protected":false},"featured_media":0,"template":"","meta":{"_monsterinsights_skip_tracking":false,"_monsterinsights_sitenote_active":false,"_monsterinsights_sitenote_note":"","_monsterinsights_sitenote_category":0},"product_brand":[],"product_cat":[12835,12324],"product_tag":[],"class_list":{"0":"post-689400","1":"product","2":"type-product","3":"status-publish","5":"product_cat-genel-sosyoloji","6":"product_cat-sosyoloji","7":"pa_cilt-ciltsiz","8":"pa_tur-kitap","9":"pa_yayinevi-iletisim-yayinlari","10":"pa_yazar-ayse-bugra","11":"pa_yazar-caglar-keyder-der","13":"first","14":"instock","15":"sale","16":"shipping-taxable","17":"purchasable","18":"product-type-simple"},"_links":{"self":[{"href":"https:\/\/roveyayinevi.com.tr\/index.php\/wp-json\/wp\/v2\/product\/689400","targetHints":{"allow":["GET"]}}],"collection":[{"href":"https:\/\/roveyayinevi.com.tr\/index.php\/wp-json\/wp\/v2\/product"}],"about":[{"href":"https:\/\/roveyayinevi.com.tr\/index.php\/wp-json\/wp\/v2\/types\/product"}],"wp:attachment":[{"href":"https:\/\/roveyayinevi.com.tr\/index.php\/wp-json\/wp\/v2\/media?parent=689400"}],"wp:term":[{"taxonomy":"product_brand","embeddable":true,"href":"https:\/\/roveyayinevi.com.tr\/index.php\/wp-json\/wp\/v2\/product_brand?post=689400"},{"taxonomy":"product_cat","embeddable":true,"href":"https:\/\/roveyayinevi.com.tr\/index.php\/wp-json\/wp\/v2\/product_cat?post=689400"},{"taxonomy":"product_tag","embeddable":true,"href":"https:\/\/roveyayinevi.com.tr\/index.php\/wp-json\/wp\/v2\/product_tag?post=689400"}],"curies":[{"name":"wp","href":"https:\/\/api.w.org\/{rel}","templated":true}]}}