{"id":689310,"date":"2025-08-27T13:10:57","date_gmt":"2025-08-27T10:10:57","guid":{"rendered":"https:\/\/roveyayinevi.com.tr\/index.php\/urun\/siniftan-sinifa-fabrika-disinda-calisma-manzaralari\/"},"modified":"2026-04-16T01:59:13","modified_gmt":"2026-04-15T22:59:13","slug":"siniftan-sinifa-fabrika-disinda-calisma-manzaralari","status":"publish","type":"product","link":"https:\/\/roveyayinevi.com.tr\/index.php\/urun\/siniftan-sinifa-fabrika-disinda-calisma-manzaralari\/","title":{"rendered":"S\u0131n\u0131ftan S\u0131n\u0131fa: Fabrika D\u0131\u015f\u0131nda \u00c7al\u0131\u015fma Manzaralar\u0131"},"content":{"rendered":"<p>\u0130\u015f\u00e7i\/emek\u00e7i kavram\u0131, h\u00e2l\u00e2 \u00f6ncelikle fabrikay\u0131, at\u00f6lyeyi, k\u0131sacas\u0131 modern end\u00fcstriye \u00f6zg\u00fc \u00fcretim ve \u00e7al\u0131\u015fma ili\u015fkilerini \u00e7a\u011fr\u0131\u015ft\u0131r\u0131yor. B\u00fcy\u00fck sanayi \u00fcretiminin yerini yeni teknolojilere b\u0131rak\u0131yor olmas\u0131n\u0131n, i\u015f\u00e7i s\u0131n\u0131f\u0131n\u0131 \u00f6nemsizle\u015ftirdi\u011fi hatta sona erdirdi\u011fi yan\u0131lsamas\u0131, biraz da bu \u00e7a\u011fr\u0131\u015f\u0131mdan destek al\u0131yor. Oysa, tek varl\u0131\u011f\u0131 emek g\u00fcc\u00fc olanlar\u0131n say\u0131s\u0131 artmakta. Kapitalizmin esnek \u00fcretim \u00f6rg\u00fctlenmesinin emek piyasas\u0131nda yol a\u00e7t\u0131\u011f\u0131 b\u00fcy\u00fck ayr\u0131\u015fma, par\u00e7alanma ve \u00e7e\u015fitlenme, global d\u00fczeyde olu\u015fan amele pazar\u0131n\u0131 g\u00f6rmeyi g\u00fc\u00e7le\u015ftiriyor. \u00d6zellikle istihdamdaki pay\u0131 gitgide artan hizmet sekt\u00f6r\u00fc, kitlesel emek g\u00fcc\u00fcn\u00fcn \u00e7evrimine dayan\u0131yor. Bu sekt\u00f6rdeki bir\u00e7ok i\u015fte \u00e7al\u0131\u015fanlar\u0131n e\u011fitim ve formasyon itibar\u0131yla orta s\u0131n\u0131ftan say\u0131lmas\u0131, onlar\u0131n i\u015f\u00e7i olduklar\u0131n\u0131n fark\u0131na var\u0131lmas\u0131n\u0131 (\u00e7o\u011fu zaman kendilerinin de bunun fark\u0131na varmalar\u0131n\u0131) zorla\u015ft\u0131r\u0131yor. Zaman\u0131m\u0131z\u0131n amele pazar\u0131 olgusunu belirleyen etken, g\u00fcvencesizle\u015fmedir. Ekonomik ve sosyal hak kayb\u0131n\u0131n yan\u0131 s\u0131ra, \u00e7al\u0131\u015fman\u0131n insanlara sunabildi\u011fi aidiyet ve sosyalli\u011fin de kayb\u0131na yol a\u00e7an bir s\u00fcre\u00e7, g\u00fcvencesizle\u015fme. \u00c7al\u0131\u015fanlar\u0131n zamanlar\u0131 ve hayatlar\u0131 \u00fczerindeki h\u00e2kimiyetlerini s\u0131f\u0131rlayan bir s\u00fcre\u00e7&#8230; Ay\u015fe Bu\u011fra\u2019n\u0131n haz\u0131rlad\u0131\u011f\u0131 derleme, gen\u00e7 ara\u015ft\u0131rmac\u0131lar Taylan Acar, Esin Ert\u00fcrk, \u00d6zg\u00fcr Bur\u00e7ak G\u00fcrsoy, Ebru I\u015f\u0131kl\u0131, Aysun K\u0131ran ve Sevecen Tun\u00e7\u2019un katk\u0131lar\u0131yla, T\u00fcrkiye\u2019de emek ili\u015fkilerinin (ve s\u00f6m\u00fcr\u00fcs\u00fcn\u00fcn) \u00e7arp\u0131c\u0131 manzaralar\u0131n\u0131 g\u00f6zler \u00f6n\u00fcne seriyor. \u0130\u015f\u00e7i\/emek\u00e7i deyince hemen akla gelmeyen i\u015f\u00e7iler: Mevsimlik tar\u0131m i\u015f\u00e7ileri, sinema emek\u00e7ileri, futbol emek\u00e7ileri, \u00f6\u011fretmenler, sa\u011fl\u0131k \u00e7al\u0131\u015fanlar\u0131, ofis \u00e7al\u0131\u015fanlar\u0131 ve onlar\u0131n i\u015f\u00e7i olma deneyimleri&#8230; \ufffcTan\u0131t\u0131m Metni<\/p>\n","protected":false},"excerpt":{"rendered":"<p>\u0130\u015f\u00e7i\/emek\u00e7i kavram\u0131, h\u00e2l\u00e2 \u00f6ncelikle fabrikay\u0131, at\u00f6lyeyi, k\u0131sacas\u0131 modern end\u00fcstriye \u00f6zg\u00fc \u00fcretim ve \u00e7al\u0131\u015fma ili\u015fkilerini \u00e7a\u011fr\u0131\u015ft\u0131r\u0131yor. B\u00fcy\u00fck sanayi \u00fcretiminin yerini yeni teknolojilere b\u0131rak\u0131yor olmas\u0131n\u0131n, i\u015f\u00e7i s\u0131n\u0131f\u0131n\u0131 \u00f6nemsizle\u015ftirdi\u011fi<span class=\"excerpt-hellip\"> [\u2026]<\/span><\/p>\n","protected":false},"featured_media":0,"template":"","meta":{"_monsterinsights_skip_tracking":false,"_monsterinsights_sitenote_active":false,"_monsterinsights_sitenote_note":"","_monsterinsights_sitenote_category":0},"product_brand":[],"product_cat":[12338,12337],"product_tag":[],"class_list":{"0":"post-689310","1":"product","2":"type-product","3":"status-publish","5":"product_cat-dunya-siyaseti-ve-politikasi","6":"product_cat-politika-siyaset","7":"pa_cilt-ciltsiz","8":"pa_tur-kitap","9":"pa_yayinevi-iletisim-yayinlari","10":"pa_yazar-ayse-bugra","11":"pa_yazar-der","13":"first","14":"instock","15":"sale","16":"shipping-taxable","17":"purchasable","18":"product-type-simple"},"_links":{"self":[{"href":"https:\/\/roveyayinevi.com.tr\/index.php\/wp-json\/wp\/v2\/product\/689310","targetHints":{"allow":["GET"]}}],"collection":[{"href":"https:\/\/roveyayinevi.com.tr\/index.php\/wp-json\/wp\/v2\/product"}],"about":[{"href":"https:\/\/roveyayinevi.com.tr\/index.php\/wp-json\/wp\/v2\/types\/product"}],"wp:attachment":[{"href":"https:\/\/roveyayinevi.com.tr\/index.php\/wp-json\/wp\/v2\/media?parent=689310"}],"wp:term":[{"taxonomy":"product_brand","embeddable":true,"href":"https:\/\/roveyayinevi.com.tr\/index.php\/wp-json\/wp\/v2\/product_brand?post=689310"},{"taxonomy":"product_cat","embeddable":true,"href":"https:\/\/roveyayinevi.com.tr\/index.php\/wp-json\/wp\/v2\/product_cat?post=689310"},{"taxonomy":"product_tag","embeddable":true,"href":"https:\/\/roveyayinevi.com.tr\/index.php\/wp-json\/wp\/v2\/product_tag?post=689310"}],"curies":[{"name":"wp","href":"https:\/\/api.w.org\/{rel}","templated":true}]}}