{"id":689306,"date":"2025-08-27T13:10:56","date_gmt":"2025-08-27T10:10:56","guid":{"rendered":"https:\/\/roveyayinevi.com.tr\/index.php\/urun\/turkiye-siyasetinde-kurtler-direnis-hak-arayisi-katilim\/"},"modified":"2026-04-16T01:59:13","modified_gmt":"2026-04-15T22:59:13","slug":"turkiye-siyasetinde-kurtler-direnis-hak-arayisi-katilim","status":"publish","type":"product","link":"https:\/\/roveyayinevi.com.tr\/index.php\/urun\/turkiye-siyasetinde-kurtler-direnis-hak-arayisi-katilim\/","title":{"rendered":"T\u00fcrkiye Siyasetinde K\u00fcrtler: Direni\u015f, Hak Aray\u0131\u015f\u0131, Kat\u0131l\u0131m"},"content":{"rendered":"<p>K\u00fcrt siyasal hareketleri, T\u00fcrkiye Cumhuriyeti\u2019nin kurulu\u015fundan beri T\u00fcrkiye siyasal hayat\u0131nda kar\u015f\u0131l\u0131k bulacak bir eylemlilik aray\u0131\u015f\u0131 i\u00e7inde. Ama direnerek, itiraz ederek ama ittifaklar kurarak, uzla\u015farak ya da kendisini d\u00f6n\u00fc\u015ft\u00fcrmeye \u00e7al\u0131\u015farak,  T\u00fcrkiyelile\u015fme  m\u00fccadelesi vererek&#8230; T\u00fcrkiye Siyasetinde K\u00fcrtler\u2019deki yaz\u0131lar bu aray\u0131\u015f\u0131n ve m\u00fccadelenin arkas\u0131nda yatan dinamikleri, tarihsel s\u00fcreci farkl\u0131 a\u00e7\u0131lardan ele al\u0131yor: K\u00fcrtlerin siyasi temsiliyet ve kat\u0131l\u0131m m\u00fccadelelerinden K\u00fcrt etnob\u00f6lgesel hareketinin do\u011fu\u015funa, K\u00fcrt hareketinin  geleneksel le ili\u015fkisinden 2000\u2019li y\u0131llarda ald\u0131\u011f\u0131 pozisyonlara,  Demokratik \u00d6zerklik  fikrinden K\u00fcrt\u00e7enin direni\u015fine, s\u00fcrekli olarak T\u00fcrkiye siyasetine kat\u0131lmak, kendisine yer bulmak isteyen K\u00fcrt hareketlerinin bir panoramas\u0131n\u0131 ortaya koyuyor. B\u00fc\u015fra Ersanl\u0131, G\u00fcnay G\u00f6ksu \u00d6zdo\u011fan, Ahmet Al\u0131\u015f, Cemil G\u00fcndo\u011fan, \u015eeref Kavak, Halil Bayhan ve Nesrin U\u00e7arlar\u2019\u0131n katk\u0131lar\u0131yla&#8230; Bu kitaba katk\u0131da bulunanlar, K\u00fcrt siyasal ve k\u00fclt\u00fcrel hareketlerinin T\u00fcrkiye siyasal ya\u015fam\u0131na dahil olmak, T\u00fcrkiye\u2019deki siyasal k\u00fclt\u00fcre etki etmek \u00fczere verdi\u011fi m\u00fccadelenin de\u011ferine inanmaktad\u0131rlar. Hepimizin dile\u011fi, mevcut tart\u0131\u015fma iklimine h\u00e2kim olan otoriter,  devlet \u00e7i ve  g\u00fcvenlik \u00e7i yakla\u015f\u0131m\u0131n demokratik bir nitelik kazanmas\u0131d\u0131r. <\/p>\n","protected":false},"excerpt":{"rendered":"<p>K\u00fcrt siyasal hareketleri, T\u00fcrkiye Cumhuriyeti\u2019nin kurulu\u015fundan beri T\u00fcrkiye siyasal hayat\u0131nda kar\u015f\u0131l\u0131k bulacak bir eylemlilik aray\u0131\u015f\u0131 i\u00e7inde. Ama direnerek, itiraz ederek ama ittifaklar kurarak, uzla\u015farak ya da<span class=\"excerpt-hellip\"> [\u2026]<\/span><\/p>\n","protected":false},"featured_media":0,"template":"","meta":{"_monsterinsights_skip_tracking":false,"_monsterinsights_sitenote_active":false,"_monsterinsights_sitenote_note":"","_monsterinsights_sitenote_category":0},"product_brand":[],"product_cat":[13656,12337],"product_tag":[],"class_list":{"0":"post-689306","1":"product","2":"type-product","3":"status-publish","5":"product_cat-azinliklar-etnik-sorunlar","6":"product_cat-politika-siyaset","7":"pa_cilt-ciltsiz","8":"pa_tur-kitap","9":"pa_yayinevi-iletisim-yayinlari","10":"pa_yazar-b-ersanli","11":"pa_yazar-g-goksu-ozdogan","12":"pa_yazar-n-ucarlar","14":"first","15":"instock","16":"sale","17":"shipping-taxable","18":"purchasable","19":"product-type-simple"},"_links":{"self":[{"href":"https:\/\/roveyayinevi.com.tr\/index.php\/wp-json\/wp\/v2\/product\/689306","targetHints":{"allow":["GET"]}}],"collection":[{"href":"https:\/\/roveyayinevi.com.tr\/index.php\/wp-json\/wp\/v2\/product"}],"about":[{"href":"https:\/\/roveyayinevi.com.tr\/index.php\/wp-json\/wp\/v2\/types\/product"}],"wp:attachment":[{"href":"https:\/\/roveyayinevi.com.tr\/index.php\/wp-json\/wp\/v2\/media?parent=689306"}],"wp:term":[{"taxonomy":"product_brand","embeddable":true,"href":"https:\/\/roveyayinevi.com.tr\/index.php\/wp-json\/wp\/v2\/product_brand?post=689306"},{"taxonomy":"product_cat","embeddable":true,"href":"https:\/\/roveyayinevi.com.tr\/index.php\/wp-json\/wp\/v2\/product_cat?post=689306"},{"taxonomy":"product_tag","embeddable":true,"href":"https:\/\/roveyayinevi.com.tr\/index.php\/wp-json\/wp\/v2\/product_tag?post=689306"}],"curies":[{"name":"wp","href":"https:\/\/api.w.org\/{rel}","templated":true}]}}