{"id":689303,"date":"2025-08-27T13:10:56","date_gmt":"2025-08-27T10:10:56","guid":{"rendered":"https:\/\/roveyayinevi.com.tr\/index.php\/urun\/totalitarizmin-kaynaklari-2-emperyalizm\/"},"modified":"2026-01-21T01:59:47","modified_gmt":"2026-01-20T22:59:47","slug":"totalitarizmin-kaynaklari-2-emperyalizm","status":"publish","type":"product","link":"https:\/\/roveyayinevi.com.tr\/index.php\/urun\/totalitarizmin-kaynaklari-2-emperyalizm\/","title":{"rendered":"Totalitarizmin Kaynaklar\u0131 2- Emperyalizm"},"content":{"rendered":"<p>Arendt, ba\u015fyap\u0131t\u0131 say\u0131lan Totalitarizmin Kaynaklar\u0131\u2019n\u0131n ikinci cildini emperyalizme ay\u0131rm\u0131\u015f. Arendt\u2019in emperyalizme bak\u0131\u015f\u0131, laf olsun diye de\u011fil, ger\u00e7ekten \u201c\u00f6zg\u00fcn\u201d ve farkl\u0131. \u00d6zellikle de klasik Marksist yakla\u015f\u0131mlar\u0131n bak\u0131\u015f\u0131ndan farkl\u0131, fakat b\u00fct\u00fcn\u00fcyle de kopuk de\u011fil. Emperyalizm, kapitalist ekonominin g\u00fc\u00e7 ba\u011flam\u0131nda yay\u0131lmac\u0131, kaynaklar ba\u011flam\u0131nda toparlay\u0131c\u0131 daha do\u011frusu \u201ctoplamac\u0131\u201d do\u011fas\u0131n\u0131n bir sonucu mu? Arendt\u2019in bu soruya cevab\u0131 tamamen yads\u0131y\u0131c\u0131 bir \u201cHay\u0131r!\u201d de\u011fil ama a\u011f\u0131rl\u0131\u011f\u0131 ba\u015fka noktalara da\u011f\u0131tan bir yakla\u015f\u0131m\u0131n \u00fcr\u00fcn\u00fc: Emperyalizm, modern \u00e7a\u011f\u0131n, \u00f6zellikle de ulus-devletin yozla\u015fmas\u0131n\u0131n bir sonucu, \u00fcstelik, etken\u2019i h\u0131zla hacimlendiren, yani kendisini yaratan yozla\u015fmay\u0131 h\u0131zland\u0131ran bir sonu\u00e7. Totalitarizmin Kaynaklar\u0131\u2019n\u0131n ikinci cildi, emperyalizm ba\u011flam\u0131nda yaln\u0131zca kuramsal d\u00fczlemi harmanlam\u0131yor, \u00fclkeb\u00f6lge \u00f6rneklerine, hatta pek hay\u0131rla y\u00e2dedilmeyecek insan portrelerine de uzan\u0131yor. Ve Arendt\u2019in bilinen (ya da bilindi\u011fini umdu\u011fumuz) analitik bak\u0131\u015f\u0131, sabit bak\u0131\u015flara cevvaliyet kazand\u0131rabilecek bir derinlik, bir zenginlik sunuyor. <\/p>\n","protected":false},"excerpt":{"rendered":"<p>Arendt, ba\u015fyap\u0131t\u0131 say\u0131lan Totalitarizmin Kaynaklar\u0131\u2019n\u0131n ikinci cildini emperyalizme ay\u0131rm\u0131\u015f. Arendt\u2019in emperyalizme bak\u0131\u015f\u0131, laf olsun diye de\u011fil, ger\u00e7ekten \u201c\u00f6zg\u00fcn\u201d ve farkl\u0131. \u00d6zellikle de klasik Marksist yakla\u015f\u0131mlar\u0131n bak\u0131\u015f\u0131ndan<span class=\"excerpt-hellip\"> [\u2026]<\/span><\/p>\n","protected":false},"featured_media":0,"template":"","meta":{"_monsterinsights_skip_tracking":false,"_monsterinsights_sitenote_active":false,"_monsterinsights_sitenote_note":"","_monsterinsights_sitenote_category":0},"product_brand":[],"product_cat":[12305,12304],"product_tag":[],"class_list":{"0":"post-689303","1":"product","2":"type-product","3":"status-publish","5":"product_cat-dunya-tarihi","6":"product_cat-tarih","7":"pa_cilt-ciltsiz","8":"pa_tur-kitap","9":"pa_yayinevi-iletisim-yayinlari","10":"pa_yazar-hannah-arendt","12":"first","13":"instock","14":"sale","15":"shipping-taxable","16":"purchasable","17":"product-type-simple"},"_links":{"self":[{"href":"https:\/\/roveyayinevi.com.tr\/index.php\/wp-json\/wp\/v2\/product\/689303","targetHints":{"allow":["GET"]}}],"collection":[{"href":"https:\/\/roveyayinevi.com.tr\/index.php\/wp-json\/wp\/v2\/product"}],"about":[{"href":"https:\/\/roveyayinevi.com.tr\/index.php\/wp-json\/wp\/v2\/types\/product"}],"wp:attachment":[{"href":"https:\/\/roveyayinevi.com.tr\/index.php\/wp-json\/wp\/v2\/media?parent=689303"}],"wp:term":[{"taxonomy":"product_brand","embeddable":true,"href":"https:\/\/roveyayinevi.com.tr\/index.php\/wp-json\/wp\/v2\/product_brand?post=689303"},{"taxonomy":"product_cat","embeddable":true,"href":"https:\/\/roveyayinevi.com.tr\/index.php\/wp-json\/wp\/v2\/product_cat?post=689303"},{"taxonomy":"product_tag","embeddable":true,"href":"https:\/\/roveyayinevi.com.tr\/index.php\/wp-json\/wp\/v2\/product_tag?post=689303"}],"curies":[{"name":"wp","href":"https:\/\/api.w.org\/{rel}","templated":true}]}}