{"id":689289,"date":"2025-08-27T13:10:54","date_gmt":"2025-08-27T10:10:54","guid":{"rendered":"https:\/\/roveyayinevi.com.tr\/index.php\/urun\/turkiye-cumhuriyetinin-kurulusu-1923-1924\/"},"modified":"2026-04-16T01:59:13","modified_gmt":"2026-04-15T22:59:13","slug":"turkiye-cumhuriyetinin-kurulusu-1923-1924","status":"publish","type":"product","link":"https:\/\/roveyayinevi.com.tr\/index.php\/urun\/turkiye-cumhuriyetinin-kurulusu-1923-1924\/","title":{"rendered":"T\u00fcrkiye Cumhuriyeti&#8217;nin Kurulu\u015fu (1923-1924)"},"content":{"rendered":"<p>T\u00fcrkiye Cumhuriyeti\u2019nin kurulu\u015funun, genellikle iki z\u0131t bi\u00e7imde a\u00e7\u0131klanmas\u0131na al\u0131\u015f\u0131\u011f\u0131z. Bir u\u00e7ta, Mustafa Kemal\u2019in Cumhuriyet\u2019i y\u0131llarca bir \u201cmilli s\u0131r\u201d olarak saklad\u0131ktan sonra \u201cbize arma\u011fan etti\u011fi\u201d destan\u0131 yer al\u0131r. Di\u011fer u\u00e7ta ise, Cumhuriyet\u2019in tamamen \u201ctepeden inme\u201d bir dayatma oldu\u011funu anlatan muhafazakar-\u0130slamc\u0131 muhalif anlat\u0131. Asl\u0131nda, ayn\u0131 mant\u0131\u011fa dayanan iki anlat\u0131&#8230; Faruk Alpkaya\u2019n\u0131n kitab\u0131, bu iki yakla\u015f\u0131m\u0131n d\u0131\u015f\u0131na \u00e7\u0131karak, Cumhuriyet\u2019in ger\u00e7ekten nas\u0131l kuruldu\u011funu b\u00fct\u00fcn ayr\u0131nt\u0131s\u0131yla ortaya koyuyor. Cumhuriyet\u2019in ilan, Hilafet\u2019in ilga ve Te\u015fkilat-\u0131 Esasiye Kanunu\u2019nun kabul edildi\u011fi 9 ayl\u0131k d\u00f6nemin ad\u0131m ad\u0131m b\u00fct\u00fcn geli\u015fmelerini inceliyor. Bu d\u00f6nemde, \u201cmilli s\u0131r\u201d ve \u201ctepeden inme cumhuriyet\u201d anlat\u0131lar\u0131n\u0131n hilaf\u0131na, Cumhuriyet fikri ve bi\u00e7imi \u00fczerinde etrafl\u0131 bir kamusal tart\u0131\u015fman\u0131n y\u00fcr\u00fct\u00fcld\u00fc\u011f\u00fcn\u00fc de g\u00f6steriyor. Dolay\u0131s\u0131yla, Cumhuriyet\u2019e verilen tarihsel bi\u00e7imin, muhtemel siyasal m\u00fccadele se\u00e7eneklerinden bir oldu\u011fu ortaya \u00e7\u0131k\u0131yor. K\u0131sacas\u0131, T\u00fcrkiye Cumhuriyeti\u2019nin kurulu\u015fu hakk\u0131nda belki de ilk defa b\u00fct\u00fcnl\u00fckl\u00fc tarihsel bir incelemeyle kar\u015f\u0131 kar\u015f\u0131yay\u0131z.<\/p>\n","protected":false},"excerpt":{"rendered":"<p>T\u00fcrkiye Cumhuriyeti\u2019nin kurulu\u015funun, genellikle iki z\u0131t bi\u00e7imde a\u00e7\u0131klanmas\u0131na al\u0131\u015f\u0131\u011f\u0131z. Bir u\u00e7ta, Mustafa Kemal\u2019in Cumhuriyet\u2019i y\u0131llarca bir \u201cmilli s\u0131r\u201d olarak saklad\u0131ktan sonra \u201cbize arma\u011fan etti\u011fi\u201d destan\u0131 yer<span class=\"excerpt-hellip\"> [\u2026]<\/span><\/p>\n","protected":false},"featured_media":0,"template":"","meta":{"_monsterinsights_skip_tracking":false,"_monsterinsights_sitenote_active":false,"_monsterinsights_sitenote_note":"","_monsterinsights_sitenote_category":0},"product_brand":[],"product_cat":[12304,13493],"product_tag":[],"class_list":{"0":"post-689289","1":"product","2":"type-product","3":"status-publish","5":"product_cat-tarih","6":"product_cat-turkiye-ve-cumhuriyet-tarihi","7":"pa_cilt-ciltsiz","8":"pa_tur-kitap","9":"pa_yayinevi-iletisim-yayinlari","10":"pa_yazar-faruk-alpkaya","12":"first","13":"instock","14":"sale","15":"shipping-taxable","16":"purchasable","17":"product-type-simple"},"_links":{"self":[{"href":"https:\/\/roveyayinevi.com.tr\/index.php\/wp-json\/wp\/v2\/product\/689289","targetHints":{"allow":["GET"]}}],"collection":[{"href":"https:\/\/roveyayinevi.com.tr\/index.php\/wp-json\/wp\/v2\/product"}],"about":[{"href":"https:\/\/roveyayinevi.com.tr\/index.php\/wp-json\/wp\/v2\/types\/product"}],"wp:attachment":[{"href":"https:\/\/roveyayinevi.com.tr\/index.php\/wp-json\/wp\/v2\/media?parent=689289"}],"wp:term":[{"taxonomy":"product_brand","embeddable":true,"href":"https:\/\/roveyayinevi.com.tr\/index.php\/wp-json\/wp\/v2\/product_brand?post=689289"},{"taxonomy":"product_cat","embeddable":true,"href":"https:\/\/roveyayinevi.com.tr\/index.php\/wp-json\/wp\/v2\/product_cat?post=689289"},{"taxonomy":"product_tag","embeddable":true,"href":"https:\/\/roveyayinevi.com.tr\/index.php\/wp-json\/wp\/v2\/product_tag?post=689289"}],"curies":[{"name":"wp","href":"https:\/\/api.w.org\/{rel}","templated":true}]}}