{"id":689268,"date":"2025-08-27T13:10:50","date_gmt":"2025-08-27T10:10:50","guid":{"rendered":"https:\/\/roveyayinevi.com.tr\/index.php\/urun\/neoliberal-kuresellesme-ve-kalkinma-secme-yazilar\/"},"modified":"2026-04-16T01:58:48","modified_gmt":"2026-04-15T22:58:48","slug":"neoliberal-kuresellesme-ve-kalkinma-secme-yazilar","status":"publish","type":"product","link":"https:\/\/roveyayinevi.com.tr\/index.php\/urun\/neoliberal-kuresellesme-ve-kalkinma-secme-yazilar\/","title":{"rendered":"Neoliberal K\u00fcreselle\u015fme ve Kalk\u0131nma: Se\u00e7me Yaz\u0131lar"},"content":{"rendered":"<p>Neoliberal K\u00fcreselle\u015fme ve Kalk\u0131nma, ya\u015fad\u0131\u011f\u0131m\u0131z d\u00f6nemin kaotik de\u011fi\u015fimlerini, piyasa temelli \u00e7\u00f6z\u00fcm \u00f6nerilerini ve bunlara ra\u011fmen g\u00fcnbeg\u00fcn derinle\u015fen yoksullu\u011fu iktisat temelinde inceliyor. Marx, Keynes ve Polanyi\u2019yi irdelerken k\u00fcreselle\u015fen d\u00fcnyada kalk\u0131nma iktisad\u0131n\u0131n yerini sorguluyor. Ekonomik de\u011fi\u015fimlere kar\u015f\u0131 geli\u015ftirilen \u00e7\u00f6z\u00fcm \u00f6nerilerinin yetersizli\u011fi, tarihsel ba\u015far\u0131s\u0131zl\u0131klar ve nedenleri sorgulan\u0131yor. Neoliberal k\u00fcreselle\u015fmenin kar\u015f\u0131 konulmaz etkileri, kalk\u0131nma politikalar\u0131n\u0131n yeni bir yan\u0131t olma imk\u00e2nlar\u0131, tar\u0131m, sanayi ve d\u0131\u015f ticarete getirece\u011fi alternatifler tart\u0131\u015f\u0131l\u0131yor. K\u00fcreselle\u015fme kar\u015f\u0131s\u0131nda geli\u015fmekte olan \u00fclkelerin hangi politikalar\u0131 uygulayaca\u011f\u0131na dair yorumlarda bulunmas\u0131, mevcut denemelere y\u00f6nelik sorgulay\u0131c\u0131l\u0131\u011f\u0131 \u00e7al\u0131\u015fmay\u0131 dikkat \u00e7ekici k\u0131lan etkenlerden biri. Fikret \u015eenses\u2019in derledi\u011fi bu kapsaml\u0131 kitap, sadece \u00f6\u011frencilere ve akademisyenlere de\u011fil, hemen herkese y\u00f6nelik bir k\u0131lavuz niteli\u011fi ta\u015f\u0131yor. <\/p>\n","protected":false},"excerpt":{"rendered":"<p>Neoliberal K\u00fcreselle\u015fme ve Kalk\u0131nma, ya\u015fad\u0131\u011f\u0131m\u0131z d\u00f6nemin kaotik de\u011fi\u015fimlerini, piyasa temelli \u00e7\u00f6z\u00fcm \u00f6nerilerini ve bunlara ra\u011fmen g\u00fcnbeg\u00fcn derinle\u015fen yoksullu\u011fu iktisat temelinde inceliyor. Marx, Keynes ve Polanyi\u2019yi irdelerken<span class=\"excerpt-hellip\"> [\u2026]<\/span><\/p>\n","protected":false},"featured_media":0,"template":"","meta":{"_monsterinsights_skip_tracking":false,"_monsterinsights_sitenote_active":false,"_monsterinsights_sitenote_note":"","_monsterinsights_sitenote_category":0},"product_brand":[],"product_cat":[12312,12304],"product_tag":[],"class_list":{"0":"post-689268","1":"product","2":"type-product","3":"status-publish","5":"product_cat-diger","6":"product_cat-tarih","7":"pa_cilt-ciltsiz","8":"pa_tur-kitap","9":"pa_yayinevi-iletisim-yayinlari","10":"pa_yazar-fikret-senses-der","12":"first","13":"instock","14":"sale","15":"shipping-taxable","16":"purchasable","17":"product-type-simple"},"_links":{"self":[{"href":"https:\/\/roveyayinevi.com.tr\/index.php\/wp-json\/wp\/v2\/product\/689268","targetHints":{"allow":["GET"]}}],"collection":[{"href":"https:\/\/roveyayinevi.com.tr\/index.php\/wp-json\/wp\/v2\/product"}],"about":[{"href":"https:\/\/roveyayinevi.com.tr\/index.php\/wp-json\/wp\/v2\/types\/product"}],"wp:attachment":[{"href":"https:\/\/roveyayinevi.com.tr\/index.php\/wp-json\/wp\/v2\/media?parent=689268"}],"wp:term":[{"taxonomy":"product_brand","embeddable":true,"href":"https:\/\/roveyayinevi.com.tr\/index.php\/wp-json\/wp\/v2\/product_brand?post=689268"},{"taxonomy":"product_cat","embeddable":true,"href":"https:\/\/roveyayinevi.com.tr\/index.php\/wp-json\/wp\/v2\/product_cat?post=689268"},{"taxonomy":"product_tag","embeddable":true,"href":"https:\/\/roveyayinevi.com.tr\/index.php\/wp-json\/wp\/v2\/product_tag?post=689268"}],"curies":[{"name":"wp","href":"https:\/\/api.w.org\/{rel}","templated":true}]}}