{"id":689241,"date":"2025-08-27T13:10:45","date_gmt":"2025-08-27T10:10:45","guid":{"rendered":"https:\/\/roveyayinevi.com.tr\/index.php\/urun\/iktidar-ve-tarih-turkiyede-resmi-tarih-tezinin-olusumu-1929-1937\/"},"modified":"2026-02-03T02:00:18","modified_gmt":"2026-02-02T23:00:18","slug":"iktidar-ve-tarih-turkiyede-resmi-tarih-tezinin-olusumu-1929-1937","status":"publish","type":"product","link":"https:\/\/roveyayinevi.com.tr\/index.php\/urun\/iktidar-ve-tarih-turkiyede-resmi-tarih-tezinin-olusumu-1929-1937\/","title":{"rendered":"\u0130ktidar ve Tarih: T\u00fcrkiye&#8217;de &#8220;Resmi Tarih&#8221; Tezinin Olu\u015fumu (1929-1937)"},"content":{"rendered":"<p>Ge\u00e7mi\u015fin ihyas\u0131 ya da tarihin \u2018\u015fimdi\u2019 ke\u015ffi&#8230; T\u00fcrk Tarih Tezi\u2019nin iktidar\u0131n siyasi tasarruflar\u0131na ba\u011fl\u0131 olarak yarat\u0131ld\u0131\u011f\u0131 ve geli\u015ftirildi\u011fi \u2018alt\u0131n \u00e7a\u011f\u2019\u0131 ele alan \u0130ktidar ve Tarih; T\u00fcrkiye\u2019de Resmi Tarih Tezinin Olu\u015fumu (1929-1937), Birinci ve \u0130kinci Tarih Kongreleri\u2019nden ba\u015flayarak hem tarih tart\u0131\u015fmalar\u0131n\u0131 hem de bu tart\u0131\u015fmalar\u0131n ders kitaplar\u0131na nas\u0131l yans\u0131d\u0131\u011f\u0131n\u0131 inceliyor. Afet \u0130nan, Yusuf Ak\u00e7ura, Fuad K\u00f6pr\u00fcl\u00fc, Dr. Re\u015fit Galip, Zeki Velidi Togan, Sadri Maksudi Arsal, Samih R\u0131fat ve Ahmed Refik gibi \u00f6nemli akt\u00f6rlerin tart\u0131\u015fmalardaki rollerini ve yakla\u015f\u0131mlar\u0131n\u0131 da ele alan kitap, tek parti d\u00f6nemi bilimselli\u011finden \u00f6rnek ders kitaplar\u0131n\u0131n incelenmesine kadar uzanan geni\u015f bir alan\u0131 tar\u0131yor. 1990\u2019larda yaz\u0131lm\u0131\u015f ders kitaplar\u0131n\u0131 da ara\u015ft\u0131rman\u0131n mant\u0131\u011f\u0131na yerle\u015ftiren ve ek bir b\u00f6l\u00fcmle ele alan \u00e7al\u0131\u015fma, b\u00f6ylelikle 1930\u2019lardan 1990\u2019lara iktidar ve ideolojinin tarih alg\u0131s\u0131 ve tarih yaz\u0131c\u0131l\u0131\u011f\u0131 \u00fczerinde yaratt\u0131\u011f\u0131 deformasyonu etrafl\u0131 bir \u015fekilde tart\u0131\u015f\u0131yor. B\u00fc\u015fra Ersanl\u0131\u2019n\u0131n \u0130ktidar ve Tarih\u2019i bu alanda yap\u0131lm\u0131\u015f bir ilk \u00e7al\u0131\u015fma olarak \u00f6nemini h\u00e2l\u00e2 koruyor. <\/p>\n","protected":false},"excerpt":{"rendered":"<p>Ge\u00e7mi\u015fin ihyas\u0131 ya da tarihin \u2018\u015fimdi\u2019 ke\u015ffi&#8230; T\u00fcrk Tarih Tezi\u2019nin iktidar\u0131n siyasi tasarruflar\u0131na ba\u011fl\u0131 olarak yarat\u0131ld\u0131\u011f\u0131 ve geli\u015ftirildi\u011fi \u2018alt\u0131n \u00e7a\u011f\u2019\u0131 ele alan \u0130ktidar ve Tarih; T\u00fcrkiye\u2019de<span class=\"excerpt-hellip\"> [\u2026]<\/span><\/p>\n","protected":false},"featured_media":0,"template":"","meta":{"_monsterinsights_skip_tracking":false,"_monsterinsights_sitenote_active":false,"_monsterinsights_sitenote_note":"","_monsterinsights_sitenote_category":0},"product_brand":[],"product_cat":[12304,14138],"product_tag":[],"class_list":{"0":"post-689241","1":"product","2":"type-product","3":"status-publish","5":"product_cat-tarih","6":"product_cat-tarih-felsefesi","7":"pa_cilt-ciltsiz","8":"pa_tur-kitap","9":"pa_yayinevi-iletisim-yayinlari","10":"pa_yazar-busra-ersanli","12":"first","13":"instock","14":"sale","15":"shipping-taxable","16":"purchasable","17":"product-type-simple"},"_links":{"self":[{"href":"https:\/\/roveyayinevi.com.tr\/index.php\/wp-json\/wp\/v2\/product\/689241","targetHints":{"allow":["GET"]}}],"collection":[{"href":"https:\/\/roveyayinevi.com.tr\/index.php\/wp-json\/wp\/v2\/product"}],"about":[{"href":"https:\/\/roveyayinevi.com.tr\/index.php\/wp-json\/wp\/v2\/types\/product"}],"wp:attachment":[{"href":"https:\/\/roveyayinevi.com.tr\/index.php\/wp-json\/wp\/v2\/media?parent=689241"}],"wp:term":[{"taxonomy":"product_brand","embeddable":true,"href":"https:\/\/roveyayinevi.com.tr\/index.php\/wp-json\/wp\/v2\/product_brand?post=689241"},{"taxonomy":"product_cat","embeddable":true,"href":"https:\/\/roveyayinevi.com.tr\/index.php\/wp-json\/wp\/v2\/product_cat?post=689241"},{"taxonomy":"product_tag","embeddable":true,"href":"https:\/\/roveyayinevi.com.tr\/index.php\/wp-json\/wp\/v2\/product_tag?post=689241"}],"curies":[{"name":"wp","href":"https:\/\/api.w.org\/{rel}","templated":true}]}}