{"id":689237,"date":"2025-08-27T13:10:45","date_gmt":"2025-08-27T10:10:45","guid":{"rendered":"https:\/\/roveyayinevi.com.tr\/index.php\/urun\/ilk-meclisin-vekilleri\/"},"modified":"2026-04-16T01:58:47","modified_gmt":"2026-04-15T22:58:47","slug":"ilk-meclisin-vekilleri","status":"publish","type":"product","link":"https:\/\/roveyayinevi.com.tr\/index.php\/urun\/ilk-meclisin-vekilleri\/","title":{"rendered":"\u0130lk Meclis&#8217;in Vekilleri"},"content":{"rendered":"<p>Ahmet Demirel, \u0130lk Meclisin Vekilleri\u2019nde M\u00fctareke d\u00f6nemi Meclis-i Mebusan \u00fcyeleri ile Ankara\u2019da yeni kurulan Meclis\u2019in \u00fcyelerini ele al\u0131yor. \u0130mparatorlu\u011fun son meclisinde g\u00f6rev yapan \u00fcyelerin Mill\u00ee M\u00fccadele d\u00f6neminde nas\u0131l yer ald\u0131klar\u0131n\u0131, bu isimlerin kimler oldu\u011funu, kaynaklarda farkl\u0131 \u015fekillerde yer alan vekillerin toplumsal konum, meslek ve e\u011fitim durumlar\u0131n\u0131 inceliyor. \u0130mparatorluktan ulus-devlete aktar\u0131lan siyas\u00ee miras\u0131 d\u00f6nemin en \u00f6ne \u00e7\u0131kan erkinde, Meclis i\u00e7inde ara\u015ft\u0131r\u0131yor. T\u00fcrkiye\u2019nin siyas\u00ee tarihinde se\u00e7imlerin ve vekillerin ortaya \u00e7\u0131k\u0131\u015flar\u0131n\u0131n izini s\u00fcrerek, d\u00f6neme damgas\u0131n\u0131 vuran tart\u0131\u015fmalar\u0131n muhataplar\u0131na m\u00fcmk\u00fcn olabildi\u011fince yak\u0131ndan bak\u0131yor.  1923\u2019ten ba\u015flayarak Halk F\u0131rkas\u0131 merkezden aday g\u00f6sterme uygulamas\u0131na ge\u00e7ti\u011fi ve iki dereceli se\u00e7imler sonucunda bu adaylar kolayl\u0131kla se\u00e7ilip TBMM\u2019ye girdikleri i\u00e7in, merkezden aday g\u00f6stermenin son derece k\u0131s\u0131tl\u0131 oldu\u011fu 1920 se\u00e7iminde se\u00e7ilip birinci meclise girmeyi ba\u015faranlar 1923 ve daha sonras\u0131nda ciddi bi\u00e7imde tasfiyeye u\u011fram\u0131\u015flard\u0131.  Ahmet Demirel bu ara\u015ft\u0131rmas\u0131yla, tasfiyeye u\u011frayan ku\u015fa\u011f\u0131n, ulus-devlet s\u00fcrecinde mill\u00ee irade ile tecelli etmi\u015f (ilk) se\u00e7imlerin siyasal hayata etkisini de inceliyor. <\/p>\n","protected":false},"excerpt":{"rendered":"<p>Ahmet Demirel, \u0130lk Meclisin Vekilleri\u2019nde M\u00fctareke d\u00f6nemi Meclis-i Mebusan \u00fcyeleri ile Ankara\u2019da yeni kurulan Meclis\u2019in \u00fcyelerini ele al\u0131yor. \u0130mparatorlu\u011fun son meclisinde g\u00f6rev yapan \u00fcyelerin Mill\u00ee M\u00fccadele<span class=\"excerpt-hellip\"> [\u2026]<\/span><\/p>\n","protected":false},"featured_media":0,"template":"","meta":{"_monsterinsights_skip_tracking":false,"_monsterinsights_sitenote_active":false,"_monsterinsights_sitenote_note":"","_monsterinsights_sitenote_category":0},"product_brand":[],"product_cat":[13656,12337],"product_tag":[],"class_list":{"0":"post-689237","1":"product","2":"type-product","3":"status-publish","5":"product_cat-azinliklar-etnik-sorunlar","6":"product_cat-politika-siyaset","7":"pa_cilt-ciltsiz","8":"pa_tur-kitap","9":"pa_yayinevi-iletisim-yayinlari","10":"pa_yazar-ahmet-demirel","12":"first","13":"instock","14":"sale","15":"shipping-taxable","16":"purchasable","17":"product-type-simple"},"_links":{"self":[{"href":"https:\/\/roveyayinevi.com.tr\/index.php\/wp-json\/wp\/v2\/product\/689237","targetHints":{"allow":["GET"]}}],"collection":[{"href":"https:\/\/roveyayinevi.com.tr\/index.php\/wp-json\/wp\/v2\/product"}],"about":[{"href":"https:\/\/roveyayinevi.com.tr\/index.php\/wp-json\/wp\/v2\/types\/product"}],"wp:attachment":[{"href":"https:\/\/roveyayinevi.com.tr\/index.php\/wp-json\/wp\/v2\/media?parent=689237"}],"wp:term":[{"taxonomy":"product_brand","embeddable":true,"href":"https:\/\/roveyayinevi.com.tr\/index.php\/wp-json\/wp\/v2\/product_brand?post=689237"},{"taxonomy":"product_cat","embeddable":true,"href":"https:\/\/roveyayinevi.com.tr\/index.php\/wp-json\/wp\/v2\/product_cat?post=689237"},{"taxonomy":"product_tag","embeddable":true,"href":"https:\/\/roveyayinevi.com.tr\/index.php\/wp-json\/wp\/v2\/product_tag?post=689237"}],"curies":[{"name":"wp","href":"https:\/\/api.w.org\/{rel}","templated":true}]}}