{"id":689224,"date":"2025-08-27T13:10:05","date_gmt":"2025-08-27T10:10:05","guid":{"rendered":"https:\/\/roveyayinevi.com.tr\/index.php\/urun\/milliyetci-muhafazakar-entelijansiya-anti-komunizmden-kuresellesme-karsitligina\/"},"modified":"2026-04-16T01:58:47","modified_gmt":"2026-04-15T22:58:47","slug":"milliyetci-muhafazakar-entelijansiya-anti-komunizmden-kuresellesme-karsitligina","status":"publish","type":"product","link":"https:\/\/roveyayinevi.com.tr\/index.php\/urun\/milliyetci-muhafazakar-entelijansiya-anti-komunizmden-kuresellesme-karsitligina\/","title":{"rendered":"Milliyet\u00e7i Muhafazakar Entelijansiya: Anti-Kom\u00fcnizmden K\u00fcreselle\u015fme Kar\u015f\u0131tl\u0131\u011f\u0131na"},"content":{"rendered":"<p>T\u00fcrkiye\u2019nin modernle\u015fme s\u00fcrecini, \u00e7at\u0131\u015fmac\u0131 projelere sahip toplumsal kesimlerin farkl\u0131l\u0131klar\u0131n\u0131 \u00f6ne \u00e7\u0131kararak okumak son derece yayg\u0131n bir e\u011filimdir. Bu \u00e7at\u0131\u015fman\u0131n ana ekseni m\u00fcphem bir \u00e7a\u011fda\u015fl\u0131k vurgusuna dayand\u0131r\u0131lan modernlik ve onun kar\u015f\u0131s\u0131nda konumlanan de\u011fi\u015fmez gelenek olarak belirir. Muhafazak\u00e2rl\u0131k ve milliyet\u00e7ili\u011fin di\u011fer siyasal ideolojilerle kesi\u015fmeleri, onlarla hemh\u00e2l olmalar\u0131 bu analizlerde ihmal edilir. Y\u00fcksel Ta\u015fk\u0131n, Milliyet\u00e7i Muhafazak\u00e2r Entelijansiya\u2019da modernle\u015fmenin as\u0131l ta\u015f\u0131y\u0131c\u0131s\u0131 olarak \u00f6ne \u00e7\u0131kan, k\u00fclt\u00fcrel eliti temsil eden, k\u00fclt\u00fcrel d\u00f6n\u00fc\u015f\u00fcm\u00fc kontrol\u00fc alt\u0131nda tutan ayd\u0131nlar a kar\u015f\u0131 konumlanm\u0131\u015f g\u00f6r\u00fcnen milliyet\u00e7i muhafazak\u00e2r entelijansiya y\u0131, cumhuriyetin asli k\u00fclt\u00fcr yap\u0131c\u0131lar\u0131na benzerlikleri \u00fczerinden okumay\u0131 \u00f6neriyor. Kendilerini cumhuriyetin modernle\u015fme projesinden d\u0131\u015flanm\u0131\u015f hisseden, bu \u00e7er\u00e7evenin belirledi\u011fi siyasal ve sosyal g\u00fc\u00e7ten nasiplenemediklerini d\u00fc\u015f\u00fcnen muhafazak\u00e2r milliyet\u00e7i entelijansiyan\u0131n toplumsal rollerini, siyasal mevzilenmelerini, kendilerine has k\u00fclt\u00fcr(leme) projelerini ele al\u0131yor. Merkez sa\u011f gelene\u011fin i\u00e7inde k\u00fcmelenen, siyasal g\u00fcc\u00fcn\u00fc buradan dev\u015firen ve bu g\u00fc\u00e7le milli k\u00fclt\u00fcr \u00fcn yeniden in\u015fas\u0131na ve ihyas\u0131na y\u00f6nelen bu toplumsal katman\u0131n, tarihsel y\u00f6nelimlerini ara\u015ft\u0131r\u0131yor. Turgut \u00d6zal\u2019la ivme kazanan yeni-sa\u011f d\u00f6n\u00fc\u015f\u00fcmlerin, kapitalizmle eklemlenme s\u00fcre\u00e7lerinin ve k\u00fclt\u00fcrel alandaki savrulmalar\u0131n kar\u015f\u0131s\u0131nda milliyet\u00e7i muhafazak\u00e2r entelijansiyan\u0131n verdi\u011fi tepkileri inceliyor. Ta\u015fk\u0131n, bu d\u00f6nemin milliyet\u00e7i muhafazak\u00e2rl\u0131k a\u00e7\u0131s\u0131ndan ciddi bir k\u0131r\u0131lma d\u00f6nemi oldu\u011fundan hareketle, T\u00fcrkiye sa\u011f\u0131n\u0131n izleyen s\u00fcre\u00e7teki de\u011fi\u015fimlerine ve bunlar\u0131n halen ya\u015fanmakta olan sonu\u00e7lar\u0131na e\u011filiyor. Erol G\u00fcng\u00f6r, Mehmet Kaplan, Ahmet Kabakl\u0131, Taha Akyol ve T\u00fcrkiye G\u00fcnl\u00fc\u011f\u00fc dergisi bu \u00e7al\u0131\u015fman\u0131n odak noktalar\u0131n\u0131 olu\u015fturuyor. Y\u00fcksel Ta\u015fk\u0131n, kendi modernle\u015fme versiyonlar\u0131n\u0131 devlet\u00e7ili\u011fin \u00e7e\u015fitli renkleriyle donatan bir siyasal projenin izlerini s\u00fcr\u00fcyor. \ufffcTan\u0131t\u0131m Metni<\/p>\n","protected":false},"excerpt":{"rendered":"<p>T\u00fcrkiye\u2019nin modernle\u015fme s\u00fcrecini, \u00e7at\u0131\u015fmac\u0131 projelere sahip toplumsal kesimlerin farkl\u0131l\u0131klar\u0131n\u0131 \u00f6ne \u00e7\u0131kararak okumak son derece yayg\u0131n bir e\u011filimdir. Bu \u00e7at\u0131\u015fman\u0131n ana ekseni m\u00fcphem bir \u00e7a\u011fda\u015fl\u0131k vurgusuna dayand\u0131r\u0131lan<span class=\"excerpt-hellip\"> [\u2026]<\/span><\/p>\n","protected":false},"featured_media":0,"template":"","meta":{"_monsterinsights_skip_tracking":false,"_monsterinsights_sitenote_active":false,"_monsterinsights_sitenote_note":"","_monsterinsights_sitenote_category":0},"product_brand":[],"product_cat":[13633,12324],"product_tag":[],"class_list":{"0":"post-689224","1":"product","2":"type-product","3":"status-publish","5":"product_cat-kultur-ve-bilim","6":"product_cat-sosyoloji","7":"pa_cilt-ciltsiz","8":"pa_tur-kitap","9":"pa_yayinevi-iletisim-yayinlari","10":"pa_yazar-yuksel-taskin","12":"first","13":"instock","14":"sale","15":"shipping-taxable","16":"purchasable","17":"product-type-simple"},"_links":{"self":[{"href":"https:\/\/roveyayinevi.com.tr\/index.php\/wp-json\/wp\/v2\/product\/689224","targetHints":{"allow":["GET"]}}],"collection":[{"href":"https:\/\/roveyayinevi.com.tr\/index.php\/wp-json\/wp\/v2\/product"}],"about":[{"href":"https:\/\/roveyayinevi.com.tr\/index.php\/wp-json\/wp\/v2\/types\/product"}],"wp:attachment":[{"href":"https:\/\/roveyayinevi.com.tr\/index.php\/wp-json\/wp\/v2\/media?parent=689224"}],"wp:term":[{"taxonomy":"product_brand","embeddable":true,"href":"https:\/\/roveyayinevi.com.tr\/index.php\/wp-json\/wp\/v2\/product_brand?post=689224"},{"taxonomy":"product_cat","embeddable":true,"href":"https:\/\/roveyayinevi.com.tr\/index.php\/wp-json\/wp\/v2\/product_cat?post=689224"},{"taxonomy":"product_tag","embeddable":true,"href":"https:\/\/roveyayinevi.com.tr\/index.php\/wp-json\/wp\/v2\/product_tag?post=689224"}],"curies":[{"name":"wp","href":"https:\/\/api.w.org\/{rel}","templated":true}]}}