{"id":689189,"date":"2025-08-27T13:09:59","date_gmt":"2025-08-27T10:09:59","guid":{"rendered":"https:\/\/roveyayinevi.com.tr\/index.php\/urun\/kavramlar-tarihi\/"},"modified":"2026-02-03T02:00:17","modified_gmt":"2026-02-02T23:00:17","slug":"kavramlar-tarihi","status":"publish","type":"product","link":"https:\/\/roveyayinevi.com.tr\/index.php\/urun\/kavramlar-tarihi\/","title":{"rendered":"Kavramlar Tarihi"},"content":{"rendered":"<p>\u0130nsanl\u0131k de\u011ferleri s\u00f6z konusu oldu\u011funda, ger\u00e7ek bir vatansever, vatan\u0131n\u0131n i\u015fgal edilmesini pek\u00e2l\u00e2 vatan a\u015fk\u0131n\u0131n bir gere\u011fi ve vatanseverce bir g\u00f6rev sayabilir! 1795 y\u0131l\u0131nda bir Prusyal\u0131 vatansever b\u00f6yle diyordu. Zira 18. y\u00fczy\u0131l \/ 19. y\u00fczy\u0131l d\u00f6n\u00fcm\u00fcnde vatanseverlik; h\u00fcmanizmle, evrenselcilikle, kozmopolitlikle s\u0131k\u0131 s\u0131k\u0131ya ba\u011flant\u0131l\u0131 bir d\u00fc\u015f\u00fcnce idi. Sonras\u0131nda, gitgide milliyet\u00e7ili\u011fin y\u00f6r\u00fcngesine girerek bu i\u00e7eri\u011finden uzakla\u015facakt\u0131. Modernli\u011fin b\u00fct\u00fcn temel kavramlar\u0131, b\u00f6ylesi d\u00f6n\u00fc\u015f\u00fcm s\u00fcre\u00e7lerinden ge\u00e7tiler &#8211; vatanseverlik hari\u00e7&#8230; Devrim, vatanda\u015f, burjuva, ilerleme, \u00e7\u00f6k\u00fc\u015f, eski rejim , ayd\u0131nlanma, anayasa, birlik\/ittifak, \u00f6zg\u00fcrle\u015fim, kriz, hane\/aile, Bildung (e\u011fitim\/ki\u015fisel \u00f6z-belirlenim)&#8230; B\u00fct\u00fcn bu s\u00f6zc\u00fcklerin, kavramsal i\u00e7erikleriyle, metaforik i\u015flevleriyle, \u00e7a\u011fr\u0131\u015f\u0131mlar\u0131yla ge\u00e7irdikleri de\u011fi\u015fimin maceras\u0131; modernizmin, ayd\u0131nlanman\u0131n tarihine ve siyasal tarihe \u0131\u015f\u0131k tutuyor. Reinhart Koselleck\u2019in, son y\u00fcz y\u0131l\u0131n en b\u00fcy\u00fck tarih\u00e7ilerinden biri olarak an\u0131lmas\u0131n\u0131 sa\u011flayan eseriyle yapt\u0131\u011f\u0131 da bu&#8230; Usta tarih\u00e7i, Almanya, \u0130ngiltere, Fransa tecr\u00fcbelerini kar\u015f\u0131la\u015ft\u0131rarak, modernli\u011fin kavramlar\u0131n\u0131n de\u011fi\u015fim s\u00fcre\u00e7lerini inceliyor. Bu antropolojik ve semantik inceleme, ya\u015fanan tarih ile yaz\u0131lan tarih aras\u0131ndaki diyalekti\u011fi de g\u00f6steriyor bize. S\u00f6zc\u00fckler ve kavramlar \u00fczerinden, modernli\u011fin siyasal tarihini yeniden yazan bir ba\u015fyap\u0131t&#8230; \ufffcTan\u0131t\u0131m Metni<\/p>\n","protected":false},"excerpt":{"rendered":"<p>\u0130nsanl\u0131k de\u011ferleri s\u00f6z konusu oldu\u011funda, ger\u00e7ek bir vatansever, vatan\u0131n\u0131n i\u015fgal edilmesini pek\u00e2l\u00e2 vatan a\u015fk\u0131n\u0131n bir gere\u011fi ve vatanseverce bir g\u00f6rev sayabilir! 1795 y\u0131l\u0131nda bir Prusyal\u0131 vatansever<span class=\"excerpt-hellip\"> [\u2026]<\/span><\/p>\n","protected":false},"featured_media":0,"template":"","meta":{"_monsterinsights_skip_tracking":false,"_monsterinsights_sitenote_active":false,"_monsterinsights_sitenote_note":"","_monsterinsights_sitenote_category":0},"product_brand":[],"product_cat":[12312,12304],"product_tag":[],"class_list":{"0":"post-689189","1":"product","2":"type-product","3":"status-publish","5":"product_cat-diger","6":"product_cat-tarih","7":"pa_cilt-ciltsiz","8":"pa_tur-kitap","9":"pa_yayinevi-iletisim-yayinlari","10":"pa_yazar-reinhart-koselleck","12":"first","13":"instock","14":"sale","15":"shipping-taxable","16":"purchasable","17":"product-type-simple"},"_links":{"self":[{"href":"https:\/\/roveyayinevi.com.tr\/index.php\/wp-json\/wp\/v2\/product\/689189","targetHints":{"allow":["GET"]}}],"collection":[{"href":"https:\/\/roveyayinevi.com.tr\/index.php\/wp-json\/wp\/v2\/product"}],"about":[{"href":"https:\/\/roveyayinevi.com.tr\/index.php\/wp-json\/wp\/v2\/types\/product"}],"wp:attachment":[{"href":"https:\/\/roveyayinevi.com.tr\/index.php\/wp-json\/wp\/v2\/media?parent=689189"}],"wp:term":[{"taxonomy":"product_brand","embeddable":true,"href":"https:\/\/roveyayinevi.com.tr\/index.php\/wp-json\/wp\/v2\/product_brand?post=689189"},{"taxonomy":"product_cat","embeddable":true,"href":"https:\/\/roveyayinevi.com.tr\/index.php\/wp-json\/wp\/v2\/product_cat?post=689189"},{"taxonomy":"product_tag","embeddable":true,"href":"https:\/\/roveyayinevi.com.tr\/index.php\/wp-json\/wp\/v2\/product_tag?post=689189"}],"curies":[{"name":"wp","href":"https:\/\/api.w.org\/{rel}","templated":true}]}}