{"id":689181,"date":"2025-08-27T13:09:58","date_gmt":"2025-08-27T10:09:58","guid":{"rendered":"https:\/\/roveyayinevi.com.tr\/index.php\/urun\/kapitalizm-yoksulluk-ve-turkiyede-sosyal-politika\/"},"modified":"2026-04-16T01:58:46","modified_gmt":"2026-04-15T22:58:46","slug":"kapitalizm-yoksulluk-ve-turkiyede-sosyal-politika","status":"publish","type":"product","link":"https:\/\/roveyayinevi.com.tr\/index.php\/urun\/kapitalizm-yoksulluk-ve-turkiyede-sosyal-politika\/","title":{"rendered":"Kapitalizm, Yoksulluk ve T\u00fcrkiye&#8217;de Sosyal Politika"},"content":{"rendered":"<p>Tek parti d\u00f6neminin hay\u0131rseverlik anlay\u0131\u015f\u0131;  yard\u0131m\u0131 hak eden  ve  etmeyen  yoksullar ayr\u0131m\u0131&#8230; \u0130kinci D\u00fcnya Sava\u015f\u0131 sonras\u0131nda sosyal politikan\u0131n kurumla\u015fmas\u0131&#8230; 1980 sonras\u0131: Sosyal refah rejiminin \u00e7\u00f6z\u00fcl\u00fc\u015f\u00fc; Fakir Fukara Fonu, Ye\u015fil Kart&#8230; AKP d\u00f6neminin muhafazak\u00e2r liberalizmi ve hay\u0131rseverli\u011fin  d\u00f6n\u00fc\u015f\u00fc &#8230; Ay\u015fe Bu\u011fra bu kitapta, T\u00fcrkiye\u2019deki sosyal politika tarihinin ve tart\u0131\u015fmalar\u0131n\u0131n ele\u015ftirel bir analizine y\u00f6neliyor. Yoksullu\u011fa yakla\u015f\u0131m konusunda, 16. y\u00fczy\u0131ldan itibaren kapitalizmin geli\u015fmesine refakat etmi\u015f olan iki yakla\u015f\u0131m\u0131n m\u00fccadelesi ba\u011flam\u0131nda yap\u0131yor bunu. De\u011ferler sisteminin merkezine \u00e7al\u0131\u015fmay\u0131 koyan ilk yakla\u015f\u0131m, kamu kaynaklar\u0131n\u0131n sosyal ama\u00e7larla kullan\u0131m\u0131 konusunda ku\u015fkucudur ve yoksullu\u011fu, yoksulu su\u00e7layarak a\u00e7\u0131klama imk\u00e2n\u0131n\u0131 t\u00fcketti\u011finde, hay\u0131rseverli\u011fi vurgular. Hak temelli olan ikinci yakla\u015f\u0131m ise, toplumu emek piyasas\u0131n\u0131n \u00f6n\u00fcne koyar ve yoksullu\u011fu politik bir sorun olarak ele al\u0131r. \u0130ki yakla\u015f\u0131m aras\u0131ndaki m\u00fccadele, kapitalizmi saf haliyle korumaya \u00e7al\u0131\u015fanlarla onu  ba\u015fka bir \u015fey e d\u00f6n\u00fc\u015ft\u00fcrmeye \u00e7al\u0131\u015fanlar aras\u0131ndaki m\u00fccadeledir asl\u0131nda. Kitab\u0131n \u00f6nemli bir katk\u0131s\u0131, bu m\u00fccadele ekseninde, T\u00fcrkiye\u2019de devlet-toplum ili\u015fkilerinin Cumhuriyet tarihi boyunca ge\u00e7irdi\u011fi evrime yeni bir bak\u0131\u015f a\u00e7\u0131s\u0131 getirmesidir. T\u00fcrkiye\u2019de  iri  iddialara ve hararetli tart\u0131\u015fmalara konu olan devlet-toplum ili\u015fkilerine, sosyal haklar \u00fczerinden pek fazla bak\u0131lmad\u0131. \u0130\u015f hukuku, \u00e7al\u0131\u015fma ekonomisi ve end\u00fcstri ili\u015fkileri alanlar\u0131na s\u0131k\u0131\u015fan \u00e7al\u0131\u015fmalar, devlet-toplum ili\u015fkilerinin nas\u0131l kuruldu\u011funa ve nas\u0131l anlamland\u0131r\u0131ld\u0131\u011f\u0131na dair bir analizin ara\u00e7lar\u0131na d\u00f6n\u00fc\u015ft\u00fcr\u00fclemedi. Ay\u015fe Bu\u011fra\u2019n\u0131n kitab\u0131, bu bak\u0131mdan \u00f6nc\u00fc bir rol \u00fcstleniyor. <\/p>\n","protected":false},"excerpt":{"rendered":"<p>Tek parti d\u00f6neminin hay\u0131rseverlik anlay\u0131\u015f\u0131; yard\u0131m\u0131 hak eden ve etmeyen yoksullar ayr\u0131m\u0131&#8230; \u0130kinci D\u00fcnya Sava\u015f\u0131 sonras\u0131nda sosyal politikan\u0131n kurumla\u015fmas\u0131&#8230; 1980 sonras\u0131: Sosyal refah rejiminin \u00e7\u00f6z\u00fcl\u00fc\u015f\u00fc; Fakir<span class=\"excerpt-hellip\"> [\u2026]<\/span><\/p>\n","protected":false},"featured_media":0,"template":"","meta":{"_monsterinsights_skip_tracking":false,"_monsterinsights_sitenote_active":false,"_monsterinsights_sitenote_note":"","_monsterinsights_sitenote_category":0},"product_brand":[],"product_cat":[13278,12324],"product_tag":[],"class_list":{"0":"post-689181","1":"product","2":"type-product","3":"status-publish","5":"product_cat-sivil-toplum-kuruluslari","6":"product_cat-sosyoloji","7":"pa_cilt-ciltsiz","8":"pa_tur-kitap","9":"pa_yayinevi-iletisim-yayinlari","10":"pa_yazar-ayse-bugra","12":"first","13":"instock","14":"sale","15":"shipping-taxable","16":"purchasable","17":"product-type-simple"},"_links":{"self":[{"href":"https:\/\/roveyayinevi.com.tr\/index.php\/wp-json\/wp\/v2\/product\/689181","targetHints":{"allow":["GET"]}}],"collection":[{"href":"https:\/\/roveyayinevi.com.tr\/index.php\/wp-json\/wp\/v2\/product"}],"about":[{"href":"https:\/\/roveyayinevi.com.tr\/index.php\/wp-json\/wp\/v2\/types\/product"}],"wp:attachment":[{"href":"https:\/\/roveyayinevi.com.tr\/index.php\/wp-json\/wp\/v2\/media?parent=689181"}],"wp:term":[{"taxonomy":"product_brand","embeddable":true,"href":"https:\/\/roveyayinevi.com.tr\/index.php\/wp-json\/wp\/v2\/product_brand?post=689181"},{"taxonomy":"product_cat","embeddable":true,"href":"https:\/\/roveyayinevi.com.tr\/index.php\/wp-json\/wp\/v2\/product_cat?post=689181"},{"taxonomy":"product_tag","embeddable":true,"href":"https:\/\/roveyayinevi.com.tr\/index.php\/wp-json\/wp\/v2\/product_tag?post=689181"}],"curies":[{"name":"wp","href":"https:\/\/api.w.org\/{rel}","templated":true}]}}