{"id":689147,"date":"2025-08-27T13:09:52","date_gmt":"2025-08-27T10:09:52","guid":{"rendered":"https:\/\/roveyayinevi.com.tr\/index.php\/urun\/alevi-hareketinin-siyasallasmasi\/"},"modified":"2026-04-16T01:58:45","modified_gmt":"2026-04-15T22:58:45","slug":"alevi-hareketinin-siyasallasmasi","status":"publish","type":"product","link":"https:\/\/roveyayinevi.com.tr\/index.php\/urun\/alevi-hareketinin-siyasallasmasi\/","title":{"rendered":"Alevi Hareketinin Siyasalla\u015fmas\u0131"},"content":{"rendered":"<p>T\u00fcrkiye n\u00fcfusunun y\u00fczde 10 il\u00e2 30\u2019unu heterodoks \u0130sl\u00e2m inanc\u0131 te\u015fkil ediyor. Aleviler bu heterodoks n\u00fcfusun \u00f6nemli bir b\u00f6l\u00fcm\u00fcn\u00fc olu\u015fturuyor. Yaln\u0131zca dinsel inan\u00e7 alan\u0131n\u0131 de\u011fil, siyasal alandaki y\u00f6nelim ve farkl\u0131la\u015fmalar\u0131 da belirleyen bir dinsel cemaat olarak Alevi n\u00fcfusun kendi dinamiklerini anlamak \u00f6nem arzediyor. Alevilerin varl\u0131\u011f\u0131 bir yandan laiklik ve T\u00fcrk ulusal kimli\u011fi gibi meseleleri yeniden d\u00fc\u015f\u00fcnmeyi gerektirirken, di\u011fer yandan Alevilerin bu s\u00fcre\u00e7te kendi siyasalla\u015fma s\u00fcre\u00e7lerini nas\u0131l g\u00f6rd\u00fckleri ve nas\u0131l anlamland\u0131rd\u0131klar\u0131 da \u00f6nem kazan\u0131yor. \u00c9lise Massicard\u2019\u0131n 1980\u2019lerden bug\u00fcne, hem T\u00fcrkiye\u2019de hem Almanya\u2019daki Alevi hareketini inceleyen bu eseri, g\u00fcn\u00fcm\u00fcz T\u00fcrkiyesi\u2019nde siyaset yapma tarz\u0131na ve kimlik sorununa yeni bir bak\u0131\u015f getiriyor. Massicard bu ara\u015ft\u0131rmas\u0131nda yaln\u0131zca inan\u00e7 \u00f6gelerine, sembolizme ya da motiflere bakmakla yetinmiyor. Aleviler aras\u0131ndaki farkl\u0131 politizasyon s\u00fcre\u00e7lerini, etnik kimlik sorunlar\u0131n\u0131, siyasal tarihe yans\u0131yan ya da yans\u0131mayan konumlanmalar\u0131 ele al\u0131yor. Din\u00ee inan\u00e7, siyasal alan ve cemaat aras\u0131ndaki ili\u015fkileri olduk\u00e7a \u00e7arp\u0131c\u0131 bir analize t\u00e2bi tutan bu ara\u015ft\u0131rma, Alevi hareketi ve siyasetle ili\u015fkisini anlamak i\u00e7in \u00f6nemli bir ba\u015fvuru kayna\u011f\u0131. <\/p>\n","protected":false},"excerpt":{"rendered":"<p>T\u00fcrkiye n\u00fcfusunun y\u00fczde 10 il\u00e2 30\u2019unu heterodoks \u0130sl\u00e2m inanc\u0131 te\u015fkil ediyor. Aleviler bu heterodoks n\u00fcfusun \u00f6nemli bir b\u00f6l\u00fcm\u00fcn\u00fc olu\u015fturuyor. Yaln\u0131zca dinsel inan\u00e7 alan\u0131n\u0131 de\u011fil, siyasal alandaki<span class=\"excerpt-hellip\"> [\u2026]<\/span><\/p>\n","protected":false},"featured_media":0,"template":"","meta":{"_monsterinsights_skip_tracking":false,"_monsterinsights_sitenote_active":false,"_monsterinsights_sitenote_note":"","_monsterinsights_sitenote_category":0},"product_brand":[],"product_cat":[13656,12337],"product_tag":[],"class_list":{"0":"post-689147","1":"product","2":"type-product","3":"status-publish","5":"product_cat-azinliklar-etnik-sorunlar","6":"product_cat-politika-siyaset","7":"pa_cilt-ciltsiz","8":"pa_tur-kitap","9":"pa_yayinevi-iletisim-yayinlari","10":"pa_yazar-elise-massicard","12":"first","13":"instock","14":"sale","15":"shipping-taxable","16":"purchasable","17":"product-type-simple"},"_links":{"self":[{"href":"https:\/\/roveyayinevi.com.tr\/index.php\/wp-json\/wp\/v2\/product\/689147","targetHints":{"allow":["GET"]}}],"collection":[{"href":"https:\/\/roveyayinevi.com.tr\/index.php\/wp-json\/wp\/v2\/product"}],"about":[{"href":"https:\/\/roveyayinevi.com.tr\/index.php\/wp-json\/wp\/v2\/types\/product"}],"wp:attachment":[{"href":"https:\/\/roveyayinevi.com.tr\/index.php\/wp-json\/wp\/v2\/media?parent=689147"}],"wp:term":[{"taxonomy":"product_brand","embeddable":true,"href":"https:\/\/roveyayinevi.com.tr\/index.php\/wp-json\/wp\/v2\/product_brand?post=689147"},{"taxonomy":"product_cat","embeddable":true,"href":"https:\/\/roveyayinevi.com.tr\/index.php\/wp-json\/wp\/v2\/product_cat?post=689147"},{"taxonomy":"product_tag","embeddable":true,"href":"https:\/\/roveyayinevi.com.tr\/index.php\/wp-json\/wp\/v2\/product_tag?post=689147"}],"curies":[{"name":"wp","href":"https:\/\/api.w.org\/{rel}","templated":true}]}}