{"id":689144,"date":"2025-08-27T13:09:52","date_gmt":"2025-08-27T10:09:52","guid":{"rendered":"https:\/\/roveyayinevi.com.tr\/index.php\/urun\/iki-dunya-arasinda-istanbulda-dindar-universite-gencligi\/"},"modified":"2026-04-16T01:58:45","modified_gmt":"2026-04-15T22:58:45","slug":"iki-dunya-arasinda-istanbulda-dindar-universite-gencligi","status":"publish","type":"product","link":"https:\/\/roveyayinevi.com.tr\/index.php\/urun\/iki-dunya-arasinda-istanbulda-dindar-universite-gencligi\/","title":{"rendered":"\u0130ki D\u00fcnya Aras\u0131nda: \u0130stanbul&#8217;da Dindar \u00dcniversite Gen\u00e7li\u011fi"},"content":{"rendered":"<p>&#8230;Bazen bizim uzaydan gelmi\u015f oldu\u011fumuza inand\u0131klar\u0131n\u0131 d\u00fc\u015f\u00fcn\u00fcyorum; bak\u0131\u015flar\u0131yla, s\u00f6zleriyle ve bize kar\u015f\u0131 \u00f6nyarg\u0131l\u0131 tav\u0131rlar\u0131yla&#8230; Ayn\u0131 d\u00fc\u015f\u00fcnce bi\u00e7imine, ya\u015fam tarz\u0131na ve dindarl\u0131k \u00f6l\u00e7\u00fcs\u00fcne sahip oldu\u011funuz ki\u015fileri \u00e7ok b\u00fcy\u00fck kalabal\u0131klar i\u00e7inde hemen ay\u0131rt edebilirsiniz. \u00d6yle somut g\u00f6r\u00fcn\u00fcmlere, sembolik ara\u00e7lara da ihtiyac\u0131n\u0131z yoktur asl\u0131nda. \u0130lk g\u00f6z temas\u0131, selamla\u015fma ya da kullan\u0131lan tek bir s\u00f6zc\u00fckle bile bunu hemen anlayabilirsiniz. &#8230;sizin bildiklerinizi ve daha da fazlas\u0131n\u0131 biliyoruz. Peki, sizin bizden, bizim inanc\u0131m\u0131zdan, din\u00ee bilgilerimizden haberiniz var m\u0131? \u00d6zlem Avc\u0131\u2019n\u0131n, din\u00ee bir cemaat veya tarikatla do\u011frudan ya da dolayl\u0131 bi\u00e7imde ba\u011flant\u0131s\u0131 olmu\u015f; b\u00fcy\u00fck k\u0131sm\u0131 s\u00f6z konusu ili\u015fkiyi devam ettiren 60 \u00fcniversite \u00f6\u011frencisiyle yapt\u0131\u011f\u0131 derinlemesine g\u00f6r\u00fc\u015fmeler, T\u00fcrkiye\u2019de dindar \u00fcniversite gen\u00e7li\u011finin ciddi bir portresini \u00e7iziyor: Yeti\u015ftikleri toplumsal \u00e7evreden aile yap\u0131lar\u0131na, din\u00ee bilgi edinme kaynaklar\u0131ndan dini yorumlama bi\u00e7imlerine, toplumsalla\u015fma mek\u00e2nlar\u0131n\u0131 kullan\u0131\u015flar\u0131ndan k\u00fclt\u00fcrel \u00e7evrelerine, siyasi tav\u0131rlar\u0131ndan ba\u015f\u00f6rt\u00fcs\u00fcne bak\u0131\u015flar\u0131na, t\u00fcketim toplumuna dair de\u011ferlendirmelerinden cemaatlerle ve din\u00ee gruplarla olan ba\u011flant\u0131lar\u0131na&#8230; Modernlik ve gelenek, dindarl\u0131k ve laiklik, \u00f6teki olma ve \u00f6tekile\u015ftirme hallerinin yan\u0131 s\u0131ra gerek kendi i\u00e7lerinde ya\u015fad\u0131klar\u0131 gerek din\u00ee gruplar aras\u0131nda g\u00f6r\u00fclen gerilimleri teorik bir arka planla sunan \u0130ki D\u00fcnya Aras\u0131nda, dindar \u00fcniversite gen\u00e7li\u011finin ya\u015fam bi\u00e7imlerine, hayat alg\u0131lar\u0131na ve gelecek beklentilerine \u0131\u015f\u0131k tutuyor. \ufffcTan\u0131t\u0131m Metni<\/p>\n","protected":false},"excerpt":{"rendered":"<p>&#8230;Bazen bizim uzaydan gelmi\u015f oldu\u011fumuza inand\u0131klar\u0131n\u0131 d\u00fc\u015f\u00fcn\u00fcyorum; bak\u0131\u015flar\u0131yla, s\u00f6zleriyle ve bize kar\u015f\u0131 \u00f6nyarg\u0131l\u0131 tav\u0131rlar\u0131yla&#8230; Ayn\u0131 d\u00fc\u015f\u00fcnce bi\u00e7imine, ya\u015fam tarz\u0131na ve dindarl\u0131k \u00f6l\u00e7\u00fcs\u00fcne sahip oldu\u011funuz ki\u015fileri \u00e7ok<span class=\"excerpt-hellip\"> [\u2026]<\/span><\/p>\n","protected":false},"featured_media":0,"template":"","meta":{"_monsterinsights_skip_tracking":false,"_monsterinsights_sitenote_active":false,"_monsterinsights_sitenote_note":"","_monsterinsights_sitenote_category":0},"product_brand":[],"product_cat":[13278,12324],"product_tag":[],"class_list":{"0":"post-689144","1":"product","2":"type-product","3":"status-publish","5":"product_cat-sivil-toplum-kuruluslari","6":"product_cat-sosyoloji","7":"pa_cilt-ciltsiz","8":"pa_tur-kitap","9":"pa_yayinevi-iletisim-yayinlari","10":"pa_yazar-ozlem-avci","12":"first","13":"instock","14":"sale","15":"shipping-taxable","16":"purchasable","17":"product-type-simple"},"_links":{"self":[{"href":"https:\/\/roveyayinevi.com.tr\/index.php\/wp-json\/wp\/v2\/product\/689144","targetHints":{"allow":["GET"]}}],"collection":[{"href":"https:\/\/roveyayinevi.com.tr\/index.php\/wp-json\/wp\/v2\/product"}],"about":[{"href":"https:\/\/roveyayinevi.com.tr\/index.php\/wp-json\/wp\/v2\/types\/product"}],"wp:attachment":[{"href":"https:\/\/roveyayinevi.com.tr\/index.php\/wp-json\/wp\/v2\/media?parent=689144"}],"wp:term":[{"taxonomy":"product_brand","embeddable":true,"href":"https:\/\/roveyayinevi.com.tr\/index.php\/wp-json\/wp\/v2\/product_brand?post=689144"},{"taxonomy":"product_cat","embeddable":true,"href":"https:\/\/roveyayinevi.com.tr\/index.php\/wp-json\/wp\/v2\/product_cat?post=689144"},{"taxonomy":"product_tag","embeddable":true,"href":"https:\/\/roveyayinevi.com.tr\/index.php\/wp-json\/wp\/v2\/product_tag?post=689144"}],"curies":[{"name":"wp","href":"https:\/\/api.w.org\/{rel}","templated":true}]}}