{"id":689115,"date":"2025-08-27T13:09:47","date_gmt":"2025-08-27T10:09:47","guid":{"rendered":"https:\/\/roveyayinevi.com.tr\/index.php\/urun\/habermas-entelektuel-biir-biyografi\/"},"modified":"2026-04-16T01:58:45","modified_gmt":"2026-04-15T22:58:45","slug":"habermas-entelektuel-biir-biyografi","status":"publish","type":"product","link":"https:\/\/roveyayinevi.com.tr\/index.php\/urun\/habermas-entelektuel-biir-biyografi\/","title":{"rendered":"Habermas: Entelekt\u00fcel Biir Biyografi"},"content":{"rendered":"<p>Avrupa\u2019n\u0131n en \u00f6nemli felsefecilerinden biri olan J\u00fcrgen Habermas\u2019\u0131n hayat\u0131, bir yandan Ele\u015ftirel Teori\u2019nin geli\u015fme seyri ba\u011flam\u0131nda, di\u011fer yandan Almanya\u2019daki liberal demokrasinin i\u015fleyi\u015fine dair yar\u0131m as\u0131rd\u0131r s\u00fcren siyasal ve anayasal m\u00fccadele ekseninde izlenebilir. Habermas\u2019\u0131n &#8211; kamusal alan, ileti\u015fimsel eylem ve moderniteye ili\u015fkin- tart\u0131\u015fma yaratan d\u00fc\u015f\u00fcnce ve teorileri, Almanya\u2019daki ba\u015fat siyasal olaylarla, \u00f6rne\u011fin yarg\u0131 sisteminin Nazi d\u00fc\u015f\u00fcncesinden ar\u0131nd\u0131r\u0131lmas\u0131ndaki ba\u015far\u0131s\u0131zl\u0131k, anayasa mahkemesinin y\u00fckseli\u015fi, 1968 ve sonras\u0131ndaki \u00f6\u011frenci ayaklanmalar\u0131, NATO\u2019nun Almanya\u2019ya n\u00fckleer silah konu\u015fland\u0131rma karar\u0131 ve Do\u011fu Almanya\u2019n\u0131n beklenmeyen \u00e7\u00f6k\u00fc\u015f\u00fc taraf\u0131ndan belirlenmi\u015ftir. Di\u011fer yandan \u015fu da iddia edilebilir: Habermas\u2019\u0131n devlet, hukuk ve anayasa hakk\u0131ndaki \u00e7al\u0131\u015fmalar\u0131n\u0131n, Alman siyasal k\u00fclt\u00fcr\u00fcn\u00fcn liberal-demokratik bir modele do\u011fru evrilmesinde kritik bir rol\u00fc olmu\u015ftur. Matthew G. Specter, d\u00fc\u015f\u00fcn\u00fcr ile k\u00fclt\u00fcr\u00fc aras\u0131ndaki kar\u015f\u0131l\u0131kl\u0131 ili\u015fkiyi e\u015fine az rastlan\u0131r bir titizlikle betimliyor. Habermas\u2019\u0131 ve d\u00f6nemini anlatan bir entelekt\u00fcel biyografi&#8230; <\/p>\n","protected":false},"excerpt":{"rendered":"<p>Avrupa\u2019n\u0131n en \u00f6nemli felsefecilerinden biri olan J\u00fcrgen Habermas\u2019\u0131n hayat\u0131, bir yandan Ele\u015ftirel Teori\u2019nin geli\u015fme seyri ba\u011flam\u0131nda, di\u011fer yandan Almanya\u2019daki liberal demokrasinin i\u015fleyi\u015fine dair yar\u0131m as\u0131rd\u0131r s\u00fcren<span class=\"excerpt-hellip\"> [\u2026]<\/span><\/p>\n","protected":false},"featured_media":0,"template":"","meta":{"_monsterinsights_skip_tracking":false,"_monsterinsights_sitenote_active":false,"_monsterinsights_sitenote_note":"","_monsterinsights_sitenote_category":0},"product_brand":[],"product_cat":[12312,12304],"product_tag":[],"class_list":{"0":"post-689115","1":"product","2":"type-product","3":"status-publish","5":"product_cat-diger","6":"product_cat-tarih","7":"pa_cilt-ciltsiz","8":"pa_tur-kitap","9":"pa_yayinevi-iletisim-yayinlari","10":"pa_yazar-matthew-g-specter","12":"first","13":"instock","14":"sale","15":"shipping-taxable","16":"purchasable","17":"product-type-simple"},"_links":{"self":[{"href":"https:\/\/roveyayinevi.com.tr\/index.php\/wp-json\/wp\/v2\/product\/689115","targetHints":{"allow":["GET"]}}],"collection":[{"href":"https:\/\/roveyayinevi.com.tr\/index.php\/wp-json\/wp\/v2\/product"}],"about":[{"href":"https:\/\/roveyayinevi.com.tr\/index.php\/wp-json\/wp\/v2\/types\/product"}],"wp:attachment":[{"href":"https:\/\/roveyayinevi.com.tr\/index.php\/wp-json\/wp\/v2\/media?parent=689115"}],"wp:term":[{"taxonomy":"product_brand","embeddable":true,"href":"https:\/\/roveyayinevi.com.tr\/index.php\/wp-json\/wp\/v2\/product_brand?post=689115"},{"taxonomy":"product_cat","embeddable":true,"href":"https:\/\/roveyayinevi.com.tr\/index.php\/wp-json\/wp\/v2\/product_cat?post=689115"},{"taxonomy":"product_tag","embeddable":true,"href":"https:\/\/roveyayinevi.com.tr\/index.php\/wp-json\/wp\/v2\/product_tag?post=689115"}],"curies":[{"name":"wp","href":"https:\/\/api.w.org\/{rel}","templated":true}]}}