{"id":689090,"date":"2025-08-27T13:09:43","date_gmt":"2025-08-27T10:09:43","guid":{"rendered":"https:\/\/roveyayinevi.com.tr\/index.php\/urun\/isgal-altinda-istanbul-1918-1923\/"},"modified":"2026-03-04T01:59:23","modified_gmt":"2026-03-03T22:59:23","slug":"isgal-altinda-istanbul-1918-1923","status":"publish","type":"product","link":"https:\/\/roveyayinevi.com.tr\/index.php\/urun\/isgal-altinda-istanbul-1918-1923\/","title":{"rendered":"\u0130\u015fgal Alt\u0131nda \u0130stanbul 1918 -1923"},"content":{"rendered":"<p>\u0130stanbul\u2019un 1. D\u00fcnya Sava\u015f\u0131\u2019ndan sonra \u0130ngiliz, Frans\u0131z ve \u0130talyan kuvvetlerinin i\u015fgali alt\u0131nda ge\u00e7irdi\u011fi y\u0131llar\u0131n toplumsal ve siyasi panoramas\u0131&#8230; Kitab\u0131n oda\u011f\u0131nda, b\u00fct\u00fcn y\u00f6nleriyle, \u0130stanbul\u2019da y\u00fcr\u00fct\u00fclen direni\u015f hareketi var. Sadece T\u00fcrkleri i\u00e7ermeyen \u00e7ok odakl\u0131 ve \u00e7ok eksenli g\u00fc\u00e7l\u00fc yap\u0131s\u0131yla bu direni\u015f hareketi, zaman\u0131nda i\u015fgal g\u00fc\u00e7lerince k\u00fc\u00e7\u00fcmsendi\u011fi gibi, Cumhuriyet d\u00f6neminde de resm\u00ee tarih yaz\u0131m\u0131nca dikkate al\u0131nmam\u0131\u015ft\u0131r. Criss\u2019in \u00e7al\u0131\u015fmas\u0131, bu g\u00f6lgeli sahay\u0131 ayd\u0131nlat\u0131yor.<\/p>\n","protected":false},"excerpt":{"rendered":"<p>\u0130stanbul\u2019un 1. D\u00fcnya Sava\u015f\u0131\u2019ndan sonra \u0130ngiliz, Frans\u0131z ve \u0130talyan kuvvetlerinin i\u015fgali alt\u0131nda ge\u00e7irdi\u011fi y\u0131llar\u0131n toplumsal ve siyasi panoramas\u0131&#8230; Kitab\u0131n oda\u011f\u0131nda, b\u00fct\u00fcn y\u00f6nleriyle, \u0130stanbul\u2019da y\u00fcr\u00fct\u00fclen direni\u015f hareketi<span class=\"excerpt-hellip\"> [\u2026]<\/span><\/p>\n","protected":false},"featured_media":0,"template":"","meta":{"_monsterinsights_skip_tracking":false,"_monsterinsights_sitenote_active":false,"_monsterinsights_sitenote_note":"","_monsterinsights_sitenote_category":0},"product_brand":[],"product_cat":[12304,13493],"product_tag":[],"class_list":{"0":"post-689090","1":"product","2":"type-product","3":"status-publish","5":"product_cat-tarih","6":"product_cat-turkiye-ve-cumhuriyet-tarihi","7":"pa_cilt-ciltsiz","8":"pa_tur-kitap","9":"pa_yayinevi-iletisim-yayinlari","10":"pa_yazar-bilge-criss","12":"first","13":"instock","14":"sale","15":"shipping-taxable","16":"purchasable","17":"product-type-simple"},"_links":{"self":[{"href":"https:\/\/roveyayinevi.com.tr\/index.php\/wp-json\/wp\/v2\/product\/689090","targetHints":{"allow":["GET"]}}],"collection":[{"href":"https:\/\/roveyayinevi.com.tr\/index.php\/wp-json\/wp\/v2\/product"}],"about":[{"href":"https:\/\/roveyayinevi.com.tr\/index.php\/wp-json\/wp\/v2\/types\/product"}],"wp:attachment":[{"href":"https:\/\/roveyayinevi.com.tr\/index.php\/wp-json\/wp\/v2\/media?parent=689090"}],"wp:term":[{"taxonomy":"product_brand","embeddable":true,"href":"https:\/\/roveyayinevi.com.tr\/index.php\/wp-json\/wp\/v2\/product_brand?post=689090"},{"taxonomy":"product_cat","embeddable":true,"href":"https:\/\/roveyayinevi.com.tr\/index.php\/wp-json\/wp\/v2\/product_cat?post=689090"},{"taxonomy":"product_tag","embeddable":true,"href":"https:\/\/roveyayinevi.com.tr\/index.php\/wp-json\/wp\/v2\/product_tag?post=689090"}],"curies":[{"name":"wp","href":"https:\/\/api.w.org\/{rel}","templated":true}]}}