{"id":689069,"date":"2025-08-27T13:09:39","date_gmt":"2025-08-27T10:09:39","guid":{"rendered":"https:\/\/roveyayinevi.com.tr\/index.php\/urun\/islamciligin-turkiye-seyri\/"},"modified":"2025-11-07T02:02:48","modified_gmt":"2025-11-06T23:02:48","slug":"islamciligin-turkiye-seyri","status":"publish","type":"product","link":"https:\/\/roveyayinevi.com.tr\/index.php\/urun\/islamciligin-turkiye-seyri\/","title":{"rendered":"\u0130slamc\u0131l\u0131\u011f\u0131n T\u00fcrkiye Seyri"},"content":{"rendered":"<p>T\u00fcrkiye\u2019de dinin toplumsal g\u00f6r\u00fcn\u00fcmleri ve din\u00ee \u2018mesele\u2019lerin siyasalla\u015fmas\u0131 hakk\u0131ndaki \u00e7al\u0131\u015fmalara yakla\u015f\u0131k yirmi y\u0131ld\u0131r \u00f6nemli katk\u0131larda bulunan Elisabeth \u00d6zdalga\u2019n\u0131n \u00e7al\u0131\u015fmalar\u0131, bu kitapta biraraya getirildi. Elisabeth \u00d6zdalga\u2019n\u0131n yaz\u0131lar\u0131nda, sosyolojik yakla\u015f\u0131m\u0131n indirgemecilikten uzak duran, serinkanl\u0131, bununla beraber empatiye yatk\u0131n ele\u015ftirel bak\u0131\u015f\u0131n\u0131n sa\u011flam \u00f6rneklerini buluyoruz. Onun arad\u0131\u011f\u0131, bir yaz\u0131s\u0131nda kulland\u0131\u011f\u0131 ifadeyle:  \u015eeytanlar\u0131, ayn\u0131 zamanda melekleri, normal insanlara d\u00f6n\u00fc\u015ft\u00fcren, daha geni\u015f bir perspektif&#8230;  Derlemedeki yaz\u0131lar\u0131n bir b\u00f6l\u00fcm\u00fc, din olgusuna ve \u0130sl\u00e2m\u2019a\/\u0130sl\u00e2miyet\u2019e yakla\u015fman\u0131n kuramsal sorunlar\u0131 \u00fczerinde duruyor. En kapsaml\u0131 b\u00f6l\u00fcm\u00fc, \u0130sl\u00e2m\u00ee\/\u0130sl\u00e2mc\u0131 hareketin de\u011fi\u015fik cephelerine ili\u015fkin incelemeler olu\u015fturuyor. Bu b\u00f6l\u00fcmdeki yaz\u0131larda, \u0130sl\u00e2mc\u0131 hareket \u00fczerinden, demokrasi, sivil toplum, yerle\u015fik siyaset yap\u0131lar\u0131 da analiz ediliyor. Dinle ilgili \u00fc\u00e7 hararetli \u2018toplumsal meseleyle\u2019, e\u011fitimle, \u00f6rt\u00fcnmeyle ve kad\u0131nla ilgili \u00fc\u00e7 makale, kitab\u0131n \u00fc\u00e7\u00fcnc\u00fc b\u00f6l\u00fcm\u00fcn\u00fc olu\u015fturuyor. Son olarak, T\u00fcrkiye\u2019de yak\u0131n d\u00f6nemde en fazla ilgi ve tart\u0131\u015fma uyand\u0131ran \u0130sl\u00e2m\u00ee \u2018olu\u015fum\u2019 olan Fethullah G\u00fclen hareketini mercek alt\u0131na alan bir b\u00f6l\u00fcm yer al\u0131yor kitapta.  Kemalizmin sivil toplumun b\u00fcy\u00fcmesine katk\u0131da bulunmas\u0131 kadar buna mani olmas\u0131 gibi, \u0130sl\u00e2mc\u0131l\u0131\u011f\u0131n da kar\u015f\u0131t e\u011filimlerin ta\u015f\u0131y\u0131c\u0131s\u0131 oldu\u011funa  dikkat \u00e7eken \u00d6zdalga, ayr\u0131\u015ft\u0131r\u0131c\u0131 bak\u0131\u015f\u0131yla ufuk a\u00e7\u0131yor. <\/p>\n","protected":false},"excerpt":{"rendered":"<p>T\u00fcrkiye\u2019de dinin toplumsal g\u00f6r\u00fcn\u00fcmleri ve din\u00ee \u2018mesele\u2019lerin siyasalla\u015fmas\u0131 hakk\u0131ndaki \u00e7al\u0131\u015fmalara yakla\u015f\u0131k yirmi y\u0131ld\u0131r \u00f6nemli katk\u0131larda bulunan Elisabeth \u00d6zdalga\u2019n\u0131n \u00e7al\u0131\u015fmalar\u0131, bu kitapta biraraya getirildi. Elisabeth \u00d6zdalga\u2019n\u0131n yaz\u0131lar\u0131nda,<span class=\"excerpt-hellip\"> [\u2026]<\/span><\/p>\n","protected":false},"featured_media":0,"template":"","meta":{"_monsterinsights_skip_tracking":false,"_monsterinsights_sitenote_active":false,"_monsterinsights_sitenote_note":"","_monsterinsights_sitenote_category":0},"product_brand":[],"product_cat":[12304,13493],"product_tag":[],"class_list":{"0":"post-689069","1":"product","2":"type-product","3":"status-publish","5":"product_cat-tarih","6":"product_cat-turkiye-ve-cumhuriyet-tarihi","7":"pa_cilt-ciltsiz","8":"pa_tur-kitap","9":"pa_yayinevi-iletisim-yayinlari","10":"pa_yazar-elisabeth-ozdalga","12":"first","13":"instock","14":"sale","15":"shipping-taxable","16":"purchasable","17":"product-type-simple"},"_links":{"self":[{"href":"https:\/\/roveyayinevi.com.tr\/index.php\/wp-json\/wp\/v2\/product\/689069","targetHints":{"allow":["GET"]}}],"collection":[{"href":"https:\/\/roveyayinevi.com.tr\/index.php\/wp-json\/wp\/v2\/product"}],"about":[{"href":"https:\/\/roveyayinevi.com.tr\/index.php\/wp-json\/wp\/v2\/types\/product"}],"wp:attachment":[{"href":"https:\/\/roveyayinevi.com.tr\/index.php\/wp-json\/wp\/v2\/media?parent=689069"}],"wp:term":[{"taxonomy":"product_brand","embeddable":true,"href":"https:\/\/roveyayinevi.com.tr\/index.php\/wp-json\/wp\/v2\/product_brand?post=689069"},{"taxonomy":"product_cat","embeddable":true,"href":"https:\/\/roveyayinevi.com.tr\/index.php\/wp-json\/wp\/v2\/product_cat?post=689069"},{"taxonomy":"product_tag","embeddable":true,"href":"https:\/\/roveyayinevi.com.tr\/index.php\/wp-json\/wp\/v2\/product_tag?post=689069"}],"curies":[{"name":"wp","href":"https:\/\/api.w.org\/{rel}","templated":true}]}}