{"id":689036,"date":"2025-08-27T13:09:34","date_gmt":"2025-08-27T10:09:34","guid":{"rendered":"https:\/\/roveyayinevi.com.tr\/index.php\/urun\/ali-sukru-beyin-tan-gazetesi\/"},"modified":"2025-11-22T02:01:29","modified_gmt":"2025-11-21T23:01:29","slug":"ali-sukru-beyin-tan-gazetesi","status":"publish","type":"product","link":"https:\/\/roveyayinevi.com.tr\/index.php\/urun\/ali-sukru-beyin-tan-gazetesi\/","title":{"rendered":"Ali \u015e\u00fckr\u00fc Bey&#8217;in Tan Gazetesi"},"content":{"rendered":"<p>Tan gazetesini tan\u0131tan bu kitap, Ahmet Demirel\u2019in daha \u00f6nce yay\u0131mlad\u0131\u011f\u0131m\u0131z Birinci Meclis\u2019te Muhalefet: \u0130kinci Grup ba\u015fl\u0131kl\u0131 incelemesine belgesel bir katk\u0131 niteli\u011fi ta\u015f\u0131yor. Birinci Meclis\u2019te Trabzon Mebusu olarak g\u00f6rev yapan Ali \u015e\u00fckr\u00fc Bey\u2019in sahibi ve ba\u015fyazar\u0131 oldu\u011fu Tan, 19 Ocak 1923\u2019te \u0130kinci Grup\u2019un g\u00f6r\u00fc\u015flerini yaymak amac\u0131yla yay\u0131n hayat\u0131na at\u0131ld\u0131. Haftada alt\u0131 g\u00fcn yay\u0131mlanan gazete, ba\u015fyazar\u0131n\u0131n birka\u00e7 ay sonra h\u00e2l\u00e2 tam olarak ayd\u0131nlat\u0131lamayan bir cinayete kurban gitmesi nedeniyle topu topu 68 say\u0131 yay\u0131mlanabildi. De\u011fi\u015fik k\u00fct\u00fcphanelere da\u011f\u0131lm\u0131\u015f Tan\u2019lar\u0131 biraraya getirerek haz\u0131rlanan bu derlemede, \u00f6nce \u0130kinci Grup\u2019un temel g\u00f6r\u00fc\u015fleri, sonra gazetenin i\u00e7eri\u011fi de\u011ferlendiriliyor. Ard\u0131ndan, hemen hemen t\u00fcm\u00fc Ali \u015e\u00fckr\u00fc Bey taraf\u0131ndan kaleme al\u0131nm\u0131\u015f ba\u015fyaz\u0131lar\u0131n tamam\u0131n\u0131n, \u00f6nemli bulunan ba\u015fyaz\u0131 d\u0131\u015f\u0131ndaki yaz\u0131lar\u0131n ve yine Ali \u015e\u00fckr\u00fc Bey\u2019in haz\u0131rlad\u0131\u011f\u0131 \u201cHalk ve H\u00fck\u00fcmet\u201d ba\u015fl\u0131kl\u0131 yaz\u0131 dizisinin \u00e7evrimyaz\u0131lar\u0131na yer veriliyor. Gazetenin yay\u0131mland\u0131\u011f\u0131 s\u0131rada en \u00f6nemli g\u00fcndem maddesini olu\u015fturan Lozan g\u00f6r\u00fc\u015fmeleriyle ilgili yaz\u0131lar\u0131n her biri \u00f6nemli bir belge niteli\u011finde. Ayr\u0131ca bir\u00e7ok yaz\u0131da ele al\u0131nan konular\u0131n, g\u00fcncel tart\u0131\u015fmalarla da kesi\u015fiyor olmas\u0131 \u00f6zellikle dikkat \u00e7ekiyor. Ara\u015ft\u0131rmac\u0131lar\u0131n oldu\u011fu kadar, yak\u0131n tarihimize ilgi duyan herkesin \u201cbir \u015feyler\u201d bulabilece\u011fi, T\u00fcrkiye Cumhuriyeti\u2019nin kurulu\u015f g\u00fcnlerinin daha iyi anla\u015f\u0131lmas\u0131na katk\u0131da bulunan \u00f6nemli bir kaynak. \ufffcTan\u0131t\u0131m Metni<\/p>\n","protected":false},"excerpt":{"rendered":"<p>Tan gazetesini tan\u0131tan bu kitap, Ahmet Demirel\u2019in daha \u00f6nce yay\u0131mlad\u0131\u011f\u0131m\u0131z Birinci Meclis\u2019te Muhalefet: \u0130kinci Grup ba\u015fl\u0131kl\u0131 incelemesine belgesel bir katk\u0131 niteli\u011fi ta\u015f\u0131yor. Birinci Meclis\u2019te Trabzon Mebusu<span class=\"excerpt-hellip\"> [\u2026]<\/span><\/p>\n","protected":false},"featured_media":0,"template":"","meta":{"_monsterinsights_skip_tracking":false,"_monsterinsights_sitenote_active":false,"_monsterinsights_sitenote_note":"","_monsterinsights_sitenote_category":0},"product_brand":[],"product_cat":[12304,13493],"product_tag":[],"class_list":{"0":"post-689036","1":"product","2":"type-product","3":"status-publish","5":"product_cat-tarih","6":"product_cat-turkiye-ve-cumhuriyet-tarihi","7":"pa_cilt-ciltsiz","8":"pa_tur-kitap","9":"pa_yayinevi-iletisim-yayinlari","10":"pa_yazar-ahmet-demirel","12":"first","13":"instock","14":"sale","15":"shipping-taxable","16":"purchasable","17":"product-type-simple"},"_links":{"self":[{"href":"https:\/\/roveyayinevi.com.tr\/index.php\/wp-json\/wp\/v2\/product\/689036","targetHints":{"allow":["GET"]}}],"collection":[{"href":"https:\/\/roveyayinevi.com.tr\/index.php\/wp-json\/wp\/v2\/product"}],"about":[{"href":"https:\/\/roveyayinevi.com.tr\/index.php\/wp-json\/wp\/v2\/types\/product"}],"wp:attachment":[{"href":"https:\/\/roveyayinevi.com.tr\/index.php\/wp-json\/wp\/v2\/media?parent=689036"}],"wp:term":[{"taxonomy":"product_brand","embeddable":true,"href":"https:\/\/roveyayinevi.com.tr\/index.php\/wp-json\/wp\/v2\/product_brand?post=689036"},{"taxonomy":"product_cat","embeddable":true,"href":"https:\/\/roveyayinevi.com.tr\/index.php\/wp-json\/wp\/v2\/product_cat?post=689036"},{"taxonomy":"product_tag","embeddable":true,"href":"https:\/\/roveyayinevi.com.tr\/index.php\/wp-json\/wp\/v2\/product_tag?post=689036"}],"curies":[{"name":"wp","href":"https:\/\/api.w.org\/{rel}","templated":true}]}}