{"id":688768,"date":"2025-08-27T13:07:33","date_gmt":"2025-08-27T10:07:33","guid":{"rendered":"https:\/\/roveyayinevi.com.tr\/index.php\/urun\/genc-hitler\/"},"modified":"2026-04-16T01:58:37","modified_gmt":"2026-04-15T22:58:37","slug":"genc-hitler","status":"publish","type":"product","link":"https:\/\/roveyayinevi.com.tr\/index.php\/urun\/genc-hitler\/","title":{"rendered":"Gen\u00e7 Hitler"},"content":{"rendered":"<p>Viyana ve M\u00fcnih sokaklar\u0131nda a\u00e7 dola\u015fan evsiz barks\u0131z gen\u00e7 bir ressam nas\u0131l oldu da tarihin en g\u00fc\u00e7l\u00fc y\u00f6neticilerinden birine d\u00f6n\u00fc\u015ft\u00fc? Gen\u00e7 Hitler bu d\u00f6n\u00fc\u015f\u00fcme yak\u0131ndan bak\u0131yor! Hitler\u2019in Almanya\u2019daki 12 y\u0131ll\u0131k iktidar\u0131 sona ererken geride 55 milyon \u00f6l\u00fc b\u0131rakm\u0131\u015ft\u0131. Bu ger\u00e7ekler \u00e7ok iyi biliniyor ama siyasete at\u0131lmadan \u00f6nce Hitler\u2019in nas\u0131l bir ya\u015fam s\u00fcrd\u00fcrd\u00fc\u011f\u00fcn\u00fc biliyor muyuz? Alt orta s\u0131n\u0131fa mensup ve ilkokul diplomal\u0131 Hitler, Viyana sokaklar\u0131nda a\u00e7 dola\u015fan bir ressamd\u0131. Birinci D\u00fcnya Sava\u015f\u0131\u2019ndan sonra meteliksiz onba\u015f\u0131 birden tarihsel bir fig\u00fcre ve k\u00f6t\u00fcl\u00fc\u011f\u00fcn ete kemi\u011fe b\u00fcr\u00fcnm\u00fc\u015f haline d\u00f6n\u00fc\u015ft\u00fc. Peki, bu d\u00f6n\u00fc\u015f\u00fcm nas\u0131l ger\u00e7ekle\u015fti? Gen\u00e7 Hitler, tarz\u0131yla, cazibesiyle, bencilli\u011fi ve kendini be\u011fenmi\u015fli\u011fiyle, r\u00fcyalar\u0131yla, sorunlar\u0131yla, inan\u00e7lar\u0131yla, arzular\u0131yla, okudu\u011fu kitaplar ve dinledi\u011fi m\u00fczikle bu gen\u00e7 adam\u0131n kim oldu\u011funu ke\u015ffetmeye \u00e7a\u011f\u0131r\u0131yor okuru. Arzulu bir ressam\u0131n bir politikac\u0131ya d\u00f6n\u00fc\u015ft\u00fc\u011f\u00fc 1905 ile 1920 aras\u0131ndaki \u00e7alkant\u0131l\u0131 d\u00f6nemin sahneleri olan ta\u015fra kenti Linz\u2019i, \u00e7\u00f6k\u00fc\u015fe ge\u00e7mi\u015f Viyana\u2019y\u0131, I. D\u00fcnya Sava\u015f\u0131\u2019n\u0131n cehennemi siperlerini ve yoksulla\u015fm\u0131\u015f M\u00fcnih\u2019i g\u00f6r\u00fcp anlamas\u0131na olanak sa\u011fl\u0131yor okurun. Sevgi, sanat ve 19. y\u00fczy\u0131l felsefesinin pe\u015finden giden bir gencin aray\u0131\u015f\u0131n\u0131n, \u00f6l\u00fcm, delilik ve gizemli cemiyetlerle birle\u015ferek gelecekteki F\u00fchrer\u2019i ortaya \u00e7\u0131kar\u0131rken, onun, tahayy\u00fcl edilemeyecek g\u00fc\u00e7le donat\u0131ld\u0131\u011f\u0131n\u0131 da g\u00f6steriyor. &#8220;Bu kitab\u0131, yazar\u0131n sadece olgusal olan\u0131 aktard\u0131\u011f\u0131, hayal g\u00fcc\u00fcn\u00fcn geri planda kald\u0131\u011f\u0131, \u2018belgesel bir anlat\u0131\u2019 olarak kaleme ald\u0131m. Bu nedenle \u00f6yk\u00fcde Hitler\u2019in ya\u015fad\u0131\u011f\u0131 s\u00f6ylenen b\u00fct\u00fcn olaylar, son d\u00f6nemlerde yay\u0131mlanan, herkesin ula\u015fabilece\u011fi kaynaklarda vard\u0131r. S\u00f6ylenenleri kan\u0131tlamak i\u00e7in de ara\u015ft\u0131rma verileri ile kullan\u0131lan kaynaklar\u0131n g\u00f6sterildi\u011fi geni\u015f\u00e7e bir kaynak ekledim.&#8221; -Claus Hant<\/p>\n","protected":false},"excerpt":{"rendered":"<p>Viyana ve M\u00fcnih sokaklar\u0131nda a\u00e7 dola\u015fan evsiz barks\u0131z gen\u00e7 bir ressam nas\u0131l oldu da tarihin en g\u00fc\u00e7l\u00fc y\u00f6neticilerinden birine d\u00f6n\u00fc\u015ft\u00fc? Gen\u00e7 Hitler bu d\u00f6n\u00fc\u015f\u00fcme yak\u0131ndan bak\u0131yor!<span class=\"excerpt-hellip\"> [\u2026]<\/span><\/p>\n","protected":false},"featured_media":0,"template":"","meta":{"_monsterinsights_skip_tracking":false,"_monsterinsights_sitenote_active":false,"_monsterinsights_sitenote_note":"","_monsterinsights_sitenote_category":0},"product_brand":[],"product_cat":[12782,12291],"product_tag":[],"class_list":{"0":"post-688768","1":"product","2":"type-product","3":"status-publish","5":"product_cat-alman-edebiyati","6":"product_cat-edebiyat","7":"pa_cilt-ciltsiz","8":"pa_tur-kitap","9":"pa_yayinevi-abis-yayincilik","10":"pa_yazar-claus-hant","12":"first","13":"instock","14":"sale","15":"shipping-taxable","16":"purchasable","17":"product-type-simple"},"_links":{"self":[{"href":"https:\/\/roveyayinevi.com.tr\/index.php\/wp-json\/wp\/v2\/product\/688768","targetHints":{"allow":["GET"]}}],"collection":[{"href":"https:\/\/roveyayinevi.com.tr\/index.php\/wp-json\/wp\/v2\/product"}],"about":[{"href":"https:\/\/roveyayinevi.com.tr\/index.php\/wp-json\/wp\/v2\/types\/product"}],"wp:attachment":[{"href":"https:\/\/roveyayinevi.com.tr\/index.php\/wp-json\/wp\/v2\/media?parent=688768"}],"wp:term":[{"taxonomy":"product_brand","embeddable":true,"href":"https:\/\/roveyayinevi.com.tr\/index.php\/wp-json\/wp\/v2\/product_brand?post=688768"},{"taxonomy":"product_cat","embeddable":true,"href":"https:\/\/roveyayinevi.com.tr\/index.php\/wp-json\/wp\/v2\/product_cat?post=688768"},{"taxonomy":"product_tag","embeddable":true,"href":"https:\/\/roveyayinevi.com.tr\/index.php\/wp-json\/wp\/v2\/product_tag?post=688768"}],"curies":[{"name":"wp","href":"https:\/\/api.w.org\/{rel}","templated":true}]}}