{"id":688688,"date":"2025-08-27T13:07:20","date_gmt":"2025-08-27T10:07:20","guid":{"rendered":"https:\/\/roveyayinevi.com.tr\/index.php\/urun\/dogunun-kahramani-ataturk\/"},"modified":"2026-04-16T01:58:36","modified_gmt":"2026-04-15T22:58:36","slug":"dogunun-kahramani-ataturk","status":"publish","type":"product","link":"https:\/\/roveyayinevi.com.tr\/index.php\/urun\/dogunun-kahramani-ataturk\/","title":{"rendered":"Do\u011funun Kahraman\u0131 Atat\u00fcrk"},"content":{"rendered":"<p>Bu kitap, Atat\u00fck\u2019\u00fcn T\u00fcrkiye d\u0131\u015f\u0131nda nas\u0131l bayrakla\u015ft\u0131r\u0131lm\u0131\u015f oldu\u011funu su \u00fcst\u00fcne \u00e7\u0131kar\u0131yor. Atat\u00fcrk, Asya ve Afrika\u2019n\u0131n boyunduruk alt\u0131ndaki uluslar\u0131n kurtulu\u015f umudu olmu\u015ftu. T\u00fcm  Mazlum Milletler  O\u2019nu kendi kahramanlar\u0131 olarak benimsemi\u015flerdi. B\u00fcy\u00fck Atat\u00fcrk , Asya ve Afrika halklar\u0131n\u0131n da, yani Do\u011funun da kahraman\u0131yd\u0131. Tan\u0131nm\u0131\u015f ara\u015ft\u0131rmac\u0131 yazar\u0131m\u0131z Bilal N. \u015eim\u015fir, burada Atat\u00fcrk\u2019\u00fcn evrensel b\u00fcy\u00fckl\u00fc\u011f\u00fcn\u00fc belgeliyor; ve kitapla ilgili \u015funlar\u0131 s\u00f6yl\u00fcyor:  \u2018Do\u011funun Kahraman\u0131 Atat\u00fcrk\u2019 , okuyucuyu biraz ba\u015fka ufuklarda dola\u015ft\u0131racakt\u0131r. Atat\u00fcrk\u2019\u00fcn, T\u00fcrkiye Cumhuriyeti s\u0131n\u0131rlar\u0131n\u0131 \u00e7ok a\u015fan, pek uzak diyarlarda da \u00e7ok sevilen bir d\u00fcnya b\u00fcy\u00fc\u011f\u00fc oldu\u011funu belgelerle g\u00f6zler \u00f6n\u00fcne serecektir. T\u00fcrk okuyucu, insanl\u0131\u011fa evrensel \u00e7apta bir b\u00fcy\u00fck adam kazand\u0131rm\u0131\u015f olan ulusun \u00e7ocu\u011fu olarak gurulanacak ve duygulan\u0131p d\u00fc\u015f\u00fcnecektir, san\u0131r\u0131m. <\/p>\n","protected":false},"excerpt":{"rendered":"<p>Bu kitap, Atat\u00fck\u2019\u00fcn T\u00fcrkiye d\u0131\u015f\u0131nda nas\u0131l bayrakla\u015ft\u0131r\u0131lm\u0131\u015f oldu\u011funu su \u00fcst\u00fcne \u00e7\u0131kar\u0131yor. Atat\u00fcrk, Asya ve Afrika\u2019n\u0131n boyunduruk alt\u0131ndaki uluslar\u0131n kurtulu\u015f umudu olmu\u015ftu. T\u00fcm Mazlum Milletler O\u2019nu kendi<span class=\"excerpt-hellip\"> [\u2026]<\/span><\/p>\n","protected":false},"featured_media":0,"template":"","meta":{"_monsterinsights_skip_tracking":false,"_monsterinsights_sitenote_active":false,"_monsterinsights_sitenote_note":"","_monsterinsights_sitenote_category":0},"product_brand":[],"product_cat":[12530,12304],"product_tag":[],"class_list":{"0":"post-688688","1":"product","2":"type-product","3":"status-publish","5":"product_cat-mustafa-kemal-ataturk","6":"product_cat-tarih","7":"pa_tur-kitap","8":"pa_yayinevi-bilgi-yayinevi","9":"pa_yazar-bilal-n-simsir","11":"first","12":"instock","13":"sale","14":"shipping-taxable","15":"purchasable","16":"product-type-simple"},"_links":{"self":[{"href":"https:\/\/roveyayinevi.com.tr\/index.php\/wp-json\/wp\/v2\/product\/688688","targetHints":{"allow":["GET"]}}],"collection":[{"href":"https:\/\/roveyayinevi.com.tr\/index.php\/wp-json\/wp\/v2\/product"}],"about":[{"href":"https:\/\/roveyayinevi.com.tr\/index.php\/wp-json\/wp\/v2\/types\/product"}],"wp:attachment":[{"href":"https:\/\/roveyayinevi.com.tr\/index.php\/wp-json\/wp\/v2\/media?parent=688688"}],"wp:term":[{"taxonomy":"product_brand","embeddable":true,"href":"https:\/\/roveyayinevi.com.tr\/index.php\/wp-json\/wp\/v2\/product_brand?post=688688"},{"taxonomy":"product_cat","embeddable":true,"href":"https:\/\/roveyayinevi.com.tr\/index.php\/wp-json\/wp\/v2\/product_cat?post=688688"},{"taxonomy":"product_tag","embeddable":true,"href":"https:\/\/roveyayinevi.com.tr\/index.php\/wp-json\/wp\/v2\/product_tag?post=688688"}],"curies":[{"name":"wp","href":"https:\/\/api.w.org\/{rel}","templated":true}]}}